{"id":6205,"date":"2024-08-29T16:13:16","date_gmt":"2024-08-29T16:13:16","guid":{"rendered":"https:\/\/hospederiasdearagon.com\/hotellerie-monastere-de-san-juan-de-da-pena\/"},"modified":"2025-12-02T18:32:30","modified_gmt":"2025-12-02T18:32:30","slug":"hotellerie-monastere-de-san-juan-de-da-pena","status":"publish","type":"page","link":"https:\/\/hospederiasdearagon.com\/fr\/hotellerie-monastere-de-san-juan-de-da-pena\/","title":{"rendered":"H\u00f4tellerie Monast\u00e8re de San Juan de da Pe\u00f1a"},"content":{"rendered":"\t\t<div data-elementor-type=\"wp-page\" data-elementor-id=\"6205\" class=\"elementor elementor-6205 elementor-6188\" data-elementor-post-type=\"page\">\n\t\t\t\t\t\t<section class=\"elementor-section elementor-top-section elementor-element elementor-element-9a45508 elementor-section-content-top elementor-section-boxed elementor-section-height-default elementor-section-height-default\" data-id=\"9a45508\" data-element_type=\"section\" data-settings=\"{&quot;background_background&quot;:&quot;classic&quot;}\">\n\t\t\t\t\t\t\t<div class=\"elementor-background-overlay\"><\/div>\n\t\t\t\t\t\t\t<div class=\"elementor-container elementor-column-gap-no\">\n\t\t\t\t\t<div class=\"elementor-column elementor-col-100 elementor-top-column elementor-element elementor-element-8f52256\" data-id=\"8f52256\" data-element_type=\"column\">\n\t\t\t<div class=\"elementor-widget-wrap elementor-element-populated\">\n\t\t\t\t\t\t\t<\/div>\n\t\t<\/div>\n\t\t\t\t\t<\/div>\n\t\t<\/section>\n\t\t\t\t<section class=\"elementor-section elementor-top-section elementor-element elementor-element-a5ff8ab elementor-section-boxed elementor-section-height-default elementor-section-height-default\" data-id=\"a5ff8ab\" data-element_type=\"section\">\n\t\t\t\t\t\t<div class=\"elementor-container elementor-column-gap-default\">\n\t\t\t\t\t<div class=\"elementor-column elementor-col-100 elementor-top-column elementor-element elementor-element-c56a4cc\" data-id=\"c56a4cc\" data-element_type=\"column\">\n\t\t\t<div class=\"elementor-widget-wrap elementor-element-populated\">\n\t\t\t\t\t\t<div class=\"elementor-element elementor-element-2c589a9 elementor-widget elementor-widget-pp-advanced-tabs\" data-id=\"2c589a9\" data-element_type=\"widget\" data-widget_type=\"pp-advanced-tabs.default\">\n\t\t\t\t<div class=\"elementor-widget-container\">\n\t\t\t\t\t\t\t<div class=\"pp-advanced-tabs pp-style-6 pp-tabs-responsive-mobile pp-advabced-tabs-responsive\" data-scroll-top=\"yes\">\n\t\t\t<div class=\"pp-advanced-tabs-wrapper pp-tabs-labels at-horizontal  at-no-hover\" role=\"tablist\">\n\t\t\t\t\t\t\t\t\t\t\t<div id=\"pp-advanced-tabs-title-4651\" class=\"pp-advanced-tabs-title pp-tabs-label pp-advanced-tabs-desktop-title pp-tab-active\" data-tab=\"1\" data-index=\"4651\" tabindex=\"0\" role=\"tab\" aria-controls=\"pp-advanced-tabs-content-4651\">\n\t\t\t\t\t\t\t\t<span class=\"pp-advanced-tabs-title-text\">L'hospeder\u00eda<\/span>\n\n\t\t\t\t\t\t\t\t\t\t\t<span class=\"pp-icon pp-advanced-tabs-icon-bottom\">\n\t\t\t\t<i aria-hidden=\"true\" class=\"fas fa-caret-down\"><\/i>\t\t\t<\/span>\n\t\t\t\n\t\t\t\t\t\t\t\t\t\t\t\t\t\t\t<\/div>\n\t\t\t\t\t\t\t\t\t\t\t\t\t<div id=\"pp-advanced-tabs-title-4652\" class=\"pp-advanced-tabs-title pp-tabs-label pp-advanced-tabs-desktop-title \" data-tab=\"2\" data-index=\"4652\" tabindex=\"0\" role=\"tab\" aria-controls=\"pp-advanced-tabs-content-4652\">\n\t\t\t\t\t\t\t\t<span class=\"pp-advanced-tabs-title-text\">L'ENVIRONNEMENT<\/span>\n\n\t\t\t\t\t\t\t\t\t\t\t<span class=\"pp-icon pp-advanced-tabs-icon-bottom\">\n\t\t\t\t<i aria-hidden=\"true\" class=\"fas fa-caret-down\"><\/i>\t\t\t<\/span>\n\t\t\t\n\t\t\t\t\t\t\t\t\t\t\t\t\t\t\t<\/div>\n\t\t\t\t\t\t\t\t\t\t\t\t\t<div id=\"pp-advanced-tabs-title-4653\" class=\"pp-advanced-tabs-title pp-tabs-label pp-advanced-tabs-desktop-title \" data-tab=\"3\" data-index=\"4653\" tabindex=\"0\" role=\"tab\" aria-controls=\"pp-advanced-tabs-content-4653\">\n\t\t\t\t\t\t\t\t<span class=\"pp-advanced-tabs-title-text\">Contact<\/span>\n\n\t\t\t\t\t\t\t\t\t\t\t<span class=\"pp-icon pp-advanced-tabs-icon-bottom\">\n\t\t\t\t<i aria-hidden=\"true\" class=\"fas fa-caret-down\"><\/i>\t\t\t<\/span>\n\t\t\t\n\t\t\t\t\t\t\t\t\t\t\t\t\t\t\t<\/div>\n\t\t\t\t\t\t\t\t\t<\/div>\n\t\t\t<div class=\"pp-advanced-tabs-content-wrapper pp-tabs-panels at-horizontal-content\">\n\t\t\t\t\t\t\t\t\t<div class=\"pp-tabs-panel\">\n\t\t\t\t\t\t<div class=\"pp-advanced-tabs-title pp-tabs-label pp-tab-responsive pp-tab-active  at-no-hover\" data-index=\"4651\">\n\t\t\t\t\t\t\t<div class=\"pp-advanced-tabs-title-inner\">\n\t\t\t\t\t\t\t\t\t\t\t<span class=\"pp-icon pp-advanced-tabs-icon-bottom\">\n\t\t\t\t<i aria-hidden=\"true\" class=\"fas fa-caret-down\"><\/i>\t\t\t<\/span>\n\t\t\t\n\t\t\t\t\t\t\t\t<span class=\"pp-advanced-tabs-title-text\">L'hospeder\u00eda<\/span>\n\t\t\t\t\t\t\t\t<i class=\"pp-toggle-icon pp-tab-open fa\"><\/i>\n\t\t\t\t\t\t\t<\/div>\n\t\t\t\t\t\t<\/div>\n\t\t\t\t\t\t<div id=\"pp-advanced-tabs-content-4651\" class=\"pp-advanced-tabs-content elementor-clearfix pp-advanced-tabs-tab_content pp-tab-active\" data-tab=\"1\" data-index=\"4651\" role=\"tabpanel\" aria-labelledby=\"pp-advanced-tabs-title-4651\">\n\t\t\t\t\t\t\t<p>\t\t<div data-elementor-type=\"page\" data-elementor-id=\"6177\" class=\"elementor elementor-6177 elementor-6044\" data-elementor-post-type=\"elementor_library\">\n\t\t\t\t\t\t<section class=\"elementor-section elementor-top-section elementor-element elementor-element-7580e0d elementor-section-boxed elementor-section-height-default elementor-section-height-default\" data-id=\"7580e0d\" data-element_type=\"section\">\n\t\t\t\t\t\t<div class=\"elementor-container elementor-column-gap-default\">\n\t\t\t\t\t<div class=\"elementor-column elementor-col-100 elementor-top-column elementor-element elementor-element-fd3e833\" data-id=\"fd3e833\" data-element_type=\"column\">\n\t\t\t<div class=\"elementor-widget-wrap elementor-element-populated\">\n\t\t\t\t\t\t<div class=\"elementor-element elementor-element-299e2d7 elementor-widget elementor-widget-text-editor\" data-id=\"299e2d7\" data-element_type=\"widget\" data-widget_type=\"text-editor.default\">\n\t\t\t\t<div class=\"elementor-widget-container\">\n\t\t\t\t\t\t\t\t\t<p>Situ\u00e9e dans une contr\u00e9e dont la singularit\u00e9 d\u00e9passe les attraits habituels du paysage et de l&rsquo;offre culturelle, l&rsquo;h\u00f4tellerie du Nouveau monast\u00e8re de San Juan de la Pe\u00f1a s\u2019\u00e9l\u00e8ve dans l&rsquo;aile sud des anciennes d\u00e9pendances de cette construction. Nous nous trouvons dans la prairie de San Indalecio. Avec l&rsquo;influence remarquable du Vieux monast\u00e8re de San Juan de la Pe\u00f1a, tout proche, un des bijoux artistiques de notre Communaut\u00e9, l&rsquo;importance de cette zone a favoris\u00e9 la protection de l&rsquo;environnement des monast\u00e8res, jusqu&rsquo;\u00e0 obtenir la figure actuelle du Paysage Prot\u00e9g\u00e9 de San Juan de la Pe\u00f1a et Monte Oroel.<\/p>\n\t\t\t\t\t\t\t\t<\/div>\n\t\t\t\t<\/div>\n\t\t\t\t\t<\/div>\n\t\t<\/div>\n\t\t\t\t\t<\/div>\n\t\t<\/section>\n\t\t\t\t<section class=\"elementor-section elementor-top-section elementor-element elementor-element-937c10a elementor-section-content-middle elementor-reverse-tablet elementor-reverse-mobile elementor-section-boxed elementor-section-height-default elementor-section-height-default\" data-id=\"937c10a\" data-element_type=\"section\">\n\t\t\t\t\t\t<div class=\"elementor-container elementor-column-gap-default\">\n\t\t\t\t\t<div class=\"elementor-column elementor-col-50 elementor-top-column elementor-element elementor-element-11d822d\" data-id=\"11d822d\" data-element_type=\"column\">\n\t\t\t<div class=\"elementor-widget-wrap elementor-element-populated\">\n\t\t\t\t\t\t<div class=\"elementor-element elementor-element-8196ac0 elementor-widget elementor-widget-text-editor\" data-id=\"8196ac0\" data-element_type=\"widget\" data-widget_type=\"text-editor.default\">\n\t\t\t\t<div class=\"elementor-widget-container\">\n\t\t\t\t\t\t\t\t\t<p>Actuellement, l&rsquo;ensemble du Nouveau monast\u00e8re, qui h\u00e9berge l\u2019h\u00f4tellerie et le centre d&rsquo;interpr\u00e9tation du Monast\u00e8re, est un exemple de dialogue \u00e9troit entre des propositions architectoniques de diff\u00e9rentes \u00e9poques. Nous devons remarquer l&rsquo;harmonie d&rsquo;une intervention qui apporte des sensations contemporaines, tant gr\u00e2ce aux volumes qu\u2019aux mat\u00e9riaux : cuivre, verre et acier. La brique et la pierre de taille ont c\u00e9d\u00e9 le passage \u00e0 la chaleur et \u00e0 la versatilit\u00e9 lumineuse du bois et de l\u2019alb\u00e2tre.<\/p>\n<p>Elle dispose de 20 chambres et de cinq suites et aussi de vastes salons pour la c\u00e9l\u00e9bration de tout type de banquets et \u00e9v\u00e9nements, tant particuliers que professionnels ; elle offre aussi aux clients un spa complet avec piscine, chaises longues subaquatiques, sauna, bain de vapeur et appareils de gymnastique.<\/p>\n\t\t\t\t\t\t\t\t<\/div>\n\t\t\t\t<\/div>\n\t\t\t\t\t<\/div>\n\t\t<\/div>\n\t\t\t\t<div class=\"elementor-column elementor-col-50 elementor-top-column elementor-element elementor-element-769a1dc\" data-id=\"769a1dc\" data-element_type=\"column\">\n\t\t\t<div class=\"elementor-widget-wrap elementor-element-populated\">\n\t\t\t\t\t\t<div class=\"elementor-element elementor-element-3d5fae4 elementor-widget elementor-widget-image\" data-id=\"3d5fae4\" data-element_type=\"widget\" data-widget_type=\"image.default\">\n\t\t\t\t<div class=\"elementor-widget-container\">\n\t\t\t\t\t\t\t\t\t\t\t\t\t\t\t<img fetchpriority=\"high\" decoding=\"async\" width=\"1024\" height=\"683\" src=\"https:\/\/hospederiasdearagon.com\/wp-content\/uploads\/2018\/04\/05_HospederiaSanJuanDeLaPena-DobleSuperior-1024x683.jpeg\" class=\"attachment-large size-large wp-image-1997\" alt=\"Habitaci\u00f3n de la Hospeder\u00eda de San Juan de la Pe\u00f1a\" srcset=\"https:\/\/hospederiasdearagon.com\/wp-content\/uploads\/2018\/04\/05_HospederiaSanJuanDeLaPena-DobleSuperior-1024x683.jpeg 1024w, https:\/\/hospederiasdearagon.com\/wp-content\/uploads\/2018\/04\/05_HospederiaSanJuanDeLaPena-DobleSuperior-300x200.jpeg 300w, https:\/\/hospederiasdearagon.com\/wp-content\/uploads\/2018\/04\/05_HospederiaSanJuanDeLaPena-DobleSuperior-768x512.jpeg 768w, https:\/\/hospederiasdearagon.com\/wp-content\/uploads\/2018\/04\/05_HospederiaSanJuanDeLaPena-DobleSuperior.jpeg 1800w\" sizes=\"(max-width: 1024px) 100vw, 1024px\" \/>\t\t\t\t\t\t\t\t\t\t\t\t\t\t\t<\/div>\n\t\t\t\t<\/div>\n\t\t\t\t\t<\/div>\n\t\t<\/div>\n\t\t\t\t\t<\/div>\n\t\t<\/section>\n\t\t\t\t<section class=\"elementor-section elementor-top-section elementor-element elementor-element-d934d21 elementor-section-boxed elementor-section-height-default elementor-section-height-default\" data-id=\"d934d21\" data-element_type=\"section\">\n\t\t\t\t\t\t<div class=\"elementor-container elementor-column-gap-default\">\n\t\t\t\t\t<div class=\"elementor-column elementor-col-100 elementor-top-column elementor-element elementor-element-4afe003\" data-id=\"4afe003\" data-element_type=\"column\">\n\t\t\t<div class=\"elementor-widget-wrap elementor-element-populated\">\n\t\t\t\t\t\t<div class=\"elementor-element elementor-element-ff2d8ba elementor-widget elementor-widget-text-editor\" data-id=\"ff2d8ba\" data-element_type=\"widget\" data-widget_type=\"text-editor.default\">\n\t\t\t\t<div class=\"elementor-widget-container\">\n\t\t\t\t\t\t\t\t\t<p>Sans aucun doute, la cl\u00e9 de son offre h\u00f4teli\u00e8re est le confort, ce qui permet de profiter d&rsquo;un s\u00e9jour inoubliable. Toutes les chambres ont des vues sur l&rsquo;ext\u00e9rieur et sont d\u00e9cor\u00e9es avec des mat\u00e9riaux soign\u00e9s pour ajouter un haut niveau de confort \u00e0 la proposition esth\u00e9tique.<\/p>\n\t\t\t\t\t\t\t\t<\/div>\n\t\t\t\t<\/div>\n\t\t\t\t\t<\/div>\n\t\t<\/div>\n\t\t\t\t\t<\/div>\n\t\t<\/section>\n\t\t\t\t<section class=\"elementor-section elementor-top-section elementor-element elementor-element-802c5f5 elementor-section-content-middle elementor-section-boxed elementor-section-height-default elementor-section-height-default\" data-id=\"802c5f5\" data-element_type=\"section\">\n\t\t\t\t\t\t<div class=\"elementor-container elementor-column-gap-default\">\n\t\t\t\t\t<div class=\"elementor-column elementor-col-50 elementor-top-column elementor-element elementor-element-9f11e65\" data-id=\"9f11e65\" data-element_type=\"column\">\n\t\t\t<div class=\"elementor-widget-wrap elementor-element-populated\">\n\t\t\t\t\t\t<div class=\"elementor-element elementor-element-e7f1e2a elementor-widget elementor-widget-image\" data-id=\"e7f1e2a\" data-element_type=\"widget\" data-widget_type=\"image.default\">\n\t\t\t\t<div class=\"elementor-widget-container\">\n\t\t\t\t\t\t\t\t\t\t\t\t\t\t\t<img decoding=\"async\" width=\"900\" height=\"600\" src=\"https:\/\/hospederiasdearagon.com\/wp-content\/uploads\/2018\/04\/hospederia-monasterio-de-san-juan-de-la-pena.jpg\" class=\"attachment-large size-large wp-image-2007\" alt=\"\" srcset=\"https:\/\/hospederiasdearagon.com\/wp-content\/uploads\/2018\/04\/hospederia-monasterio-de-san-juan-de-la-pena.jpg 900w, https:\/\/hospederiasdearagon.com\/wp-content\/uploads\/2018\/04\/hospederia-monasterio-de-san-juan-de-la-pena-300x200.jpg 300w, https:\/\/hospederiasdearagon.com\/wp-content\/uploads\/2018\/04\/hospederia-monasterio-de-san-juan-de-la-pena-768x512.jpg 768w\" sizes=\"(max-width: 900px) 100vw, 900px\" \/>\t\t\t\t\t\t\t\t\t\t\t\t\t\t\t<\/div>\n\t\t\t\t<\/div>\n\t\t\t\t\t<\/div>\n\t\t<\/div>\n\t\t\t\t<div class=\"elementor-column elementor-col-50 elementor-top-column elementor-element elementor-element-3bba012\" data-id=\"3bba012\" data-element_type=\"column\">\n\t\t\t<div class=\"elementor-widget-wrap elementor-element-populated\">\n\t\t\t\t\t\t<div class=\"elementor-element elementor-element-3ca9e3c elementor-widget elementor-widget-text-editor\" data-id=\"3ca9e3c\" data-element_type=\"widget\" data-widget_type=\"text-editor.default\">\n\t\t\t\t<div class=\"elementor-widget-container\">\n\t\t\t\t\t\t\t\t\t<p>Les diff\u00e9rentes salles de r\u00e9unions sont parfaitement \u00e9quip\u00e9es pour la r\u00e9alisation de toute activit\u00e9 culturelle ou d\u2019entreprise. Le salon \u00e0 usages multiple a une capacit\u00e9 pour 100 personnes en th\u00e9\u00e2tre, tandis que la salle de r\u00e9union est con\u00e7ue pour des r\u00e9unions priv\u00e9es. Nous nous trouvons dans un espace marqu\u00e9 par son intensit\u00e9, ce pourquoi il ne s&rsquo;av\u00e8re pas difficile de chercher et de trouver des recoins particuli\u00e8rement attrayants ou int\u00e9ressants que chacun doit appr\u00e9cier.<\/p>\n<p>Dans d&rsquo;autres d\u00e9pendances du Nouveau monast\u00e8re, il est possible de visiter le Centre d&rsquo;Interpr\u00e9tation du Monast\u00e8re. De son c\u00f4t\u00e9, le p\u00e9rim\u00e8tre du clo\u00eetre a \u00e9t\u00e9 habilit\u00e9 comme salle d&rsquo;expositions, parfaitement \u00e9quip\u00e9e pour h\u00e9berger tout type d&rsquo;\u00e9v\u00e9nements artistiques.<\/p>\n\t\t\t\t\t\t\t\t<\/div>\n\t\t\t\t<\/div>\n\t\t\t\t\t<\/div>\n\t\t<\/div>\n\t\t\t\t\t<\/div>\n\t\t<\/section>\n\t\t\t\t<section class=\"elementor-section elementor-top-section elementor-element elementor-element-f405300 elementor-section-boxed elementor-section-height-default elementor-section-height-default\" data-id=\"f405300\" data-element_type=\"section\">\n\t\t\t\t\t\t<div class=\"elementor-container elementor-column-gap-default\">\n\t\t\t\t\t<div class=\"elementor-column elementor-col-100 elementor-top-column elementor-element elementor-element-7bf8e78\" data-id=\"7bf8e78\" data-element_type=\"column\">\n\t\t\t<div class=\"elementor-widget-wrap elementor-element-populated\">\n\t\t\t\t\t\t<div class=\"elementor-element elementor-element-310965e elementor-widget elementor-widget-text-editor\" data-id=\"310965e\" data-element_type=\"widget\" data-widget_type=\"text-editor.default\">\n\t\t\t\t<div class=\"elementor-widget-container\">\n\t\t\t\t\t\t\t\t\t<p>Situ\u00e9 dans le nouveau monast\u00e8re, \u00e0 c\u00f4t\u00e9 de la spectaculaire prairie de San Indalecio, notre <strong>caf\u00e9t\u00e9ria<\/strong> propose une s\u00e9lection de sandwichs chauds, de pizzas fra\u00eechement pr\u00e9par\u00e9es, de toasts et de salades.<\/p>\n\t\t\t\t\t\t\t\t<\/div>\n\t\t\t\t<\/div>\n\t\t\t\t\t<\/div>\n\t\t<\/div>\n\t\t\t\t\t<\/div>\n\t\t<\/section>\n\t\t\t\t<section class=\"elementor-section elementor-top-section elementor-element elementor-element-33379cc elementor-section-boxed elementor-section-height-default elementor-section-height-default\" data-id=\"33379cc\" data-element_type=\"section\">\n\t\t\t\t\t\t<div class=\"elementor-container elementor-column-gap-default\">\n\t\t\t\t\t<div class=\"elementor-column elementor-col-100 elementor-top-column elementor-element elementor-element-b035dfd\" data-id=\"b035dfd\" data-element_type=\"column\">\n\t\t\t<div class=\"elementor-widget-wrap elementor-element-populated\">\n\t\t\t\t\t\t<div class=\"elementor-element elementor-element-46b8ef8 elementor-skin-carousel elementor-arrows-yes elementor-pagination-type-bullets elementor-pagination-position-outside elementor-widget elementor-widget-media-carousel\" data-id=\"46b8ef8\" data-element_type=\"widget\" data-settings=\"{&quot;slides_per_view&quot;:&quot;3&quot;,&quot;slides_to_scroll&quot;:&quot;1&quot;,&quot;space_between&quot;:{&quot;unit&quot;:&quot;px&quot;,&quot;size&quot;:36,&quot;sizes&quot;:[]},&quot;skin&quot;:&quot;carousel&quot;,&quot;effect&quot;:&quot;slide&quot;,&quot;show_arrows&quot;:&quot;yes&quot;,&quot;pagination&quot;:&quot;bullets&quot;,&quot;speed&quot;:500,&quot;autoplay&quot;:&quot;yes&quot;,&quot;autoplay_speed&quot;:5000,&quot;loop&quot;:&quot;yes&quot;,&quot;pause_on_hover&quot;:&quot;yes&quot;,&quot;pause_on_interaction&quot;:&quot;yes&quot;,&quot;space_between_tablet&quot;:{&quot;unit&quot;:&quot;px&quot;,&quot;size&quot;:10,&quot;sizes&quot;:[]},&quot;space_between_mobile&quot;:{&quot;unit&quot;:&quot;px&quot;,&quot;size&quot;:10,&quot;sizes&quot;:[]}}\" data-widget_type=\"media-carousel.default\">\n\t\t\t\t<div class=\"elementor-widget-container\">\n\t\t\t\t\t\t\t\t\t<div class=\"elementor-swiper\">\n\t\t\t\t\t<div class=\"elementor-main-swiper swiper\" role=\"region\" aria-roledescription=\"carousel\" aria-label=\"Diapositivas\">\n\t\t\t\t<div class=\"swiper-wrapper\">\n\t\t\t\t\t\t\t\t\t\t\t<div class=\"swiper-slide\" role=\"group\" aria-roledescription=\"slide\">\n\t\t\t\t\t\t\t<a href=\"https:\/\/hospederiasdearagon.com\/wp-content\/uploads\/2024\/08\/Hospederia-San-Juan-de-la-Pena-Exterior-2.webp\" data-elementor-open-lightbox=\"yes\" data-elementor-lightbox-slideshow=\"46b8ef8\" data-elementor-lightbox-title=\"Hospeder\u00eda San Juan de la Pe\u00f1a - Exterior (2)\" data-e-action-hash=\"#elementor-action%3Aaction%3Dlightbox%26settings%3DeyJpZCI6NjA4MywidXJsIjoiaHR0cHM6XC9cL2hvc3BlZGVyaWFzZGVhcmFnb24uY29tXC93cC1jb250ZW50XC91cGxvYWRzXC8yMDI0XC8wOFwvSG9zcGVkZXJpYS1TYW4tSnVhbi1kZS1sYS1QZW5hLUV4dGVyaW9yLTIud2VicCIsInNsaWRlc2hvdyI6IjQ2YjhlZjgifQ%3D%3D\">\t\t<div class=\"elementor-carousel-image\" role=\"img\" aria-label=\"Hospeder\u00eda San Juan de la Pe\u00f1a - Exterior (2)\" style=\"background-image: url(&#039;https:\/\/hospederiasdearagon.com\/wp-content\/uploads\/2024\/08\/Hospederia-San-Juan-de-la-Pena-Exterior-2.webp&#039;)\">\n\n\t\t\t\n\t\t\t\t\t<\/div>\n\t\t\t\t\t<div class=\"elementor-carousel-image-overlay e-overlay-animation-fade\">\n\t\t\t\t<i class=\"fas fa-search-plus\"><\/i>\t\t\t<\/div>\n\t\t\t<\/a>\t\t\t\t\t\t<\/div>\n\t\t\t\t\t\t\t\t\t\t\t<div class=\"swiper-slide\" role=\"group\" aria-roledescription=\"slide\">\n\t\t\t\t\t\t\t<a href=\"https:\/\/hospederiasdearagon.com\/wp-content\/uploads\/2025\/10\/Hospederia-de-San-Juan-de-la-Pena-Huesca-6.jpg\" data-elementor-open-lightbox=\"yes\" data-elementor-lightbox-slideshow=\"46b8ef8\" data-elementor-lightbox-title=\"Hospeder\u00eda de San Juan de la Pe\u00f1a - Huesca (6)\" data-e-action-hash=\"#elementor-action%3Aaction%3Dlightbox%26settings%3DeyJpZCI6NjYxMCwidXJsIjoiaHR0cHM6XC9cL2hvc3BlZGVyaWFzZGVhcmFnb24uY29tXC93cC1jb250ZW50XC91cGxvYWRzXC8yMDI1XC8xMFwvSG9zcGVkZXJpYS1kZS1TYW4tSnVhbi1kZS1sYS1QZW5hLUh1ZXNjYS02LmpwZyIsInNsaWRlc2hvdyI6IjQ2YjhlZjgifQ%3D%3D\">\t\t<div class=\"elementor-carousel-image\" role=\"img\" aria-label=\"Hospeder\u00eda de San Juan de la Pe\u00f1a - Huesca (6)\" style=\"background-image: url(&#039;https:\/\/hospederiasdearagon.com\/wp-content\/uploads\/2025\/10\/Hospederia-de-San-Juan-de-la-Pena-Huesca-6.jpg&#039;)\">\n\n\t\t\t\n\t\t\t\t\t<\/div>\n\t\t\t\t\t<div class=\"elementor-carousel-image-overlay e-overlay-animation-fade\">\n\t\t\t\t<i class=\"fas fa-search-plus\"><\/i>\t\t\t<\/div>\n\t\t\t<\/a>\t\t\t\t\t\t<\/div>\n\t\t\t\t\t\t\t\t\t\t\t<div class=\"swiper-slide\" role=\"group\" aria-roledescription=\"slide\">\n\t\t\t\t\t\t\t<a href=\"https:\/\/hospederiasdearagon.com\/wp-content\/uploads\/2018\/04\/05_HospederiaSanJuanDeLaPena-DobleSuperior.jpeg\" data-elementor-open-lightbox=\"yes\" data-elementor-lightbox-slideshow=\"46b8ef8\" data-elementor-lightbox-title=\"05_HospederiaSanJuanDeLaPena-DobleSuperior\" data-e-action-hash=\"#elementor-action%3Aaction%3Dlightbox%26settings%3DeyJpZCI6MTk5NywidXJsIjoiaHR0cHM6XC9cL2hvc3BlZGVyaWFzZGVhcmFnb24uY29tXC93cC1jb250ZW50XC91cGxvYWRzXC8yMDE4XC8wNFwvMDVfSG9zcGVkZXJpYVNhbkp1YW5EZUxhUGVuYS1Eb2JsZVN1cGVyaW9yLmpwZWciLCJzbGlkZXNob3ciOiI0NmI4ZWY4In0%3D\">\t\t<div class=\"elementor-carousel-image\" role=\"img\" aria-label=\"Habitaci\u00f3n de la Hospeder\u00eda de San Juan de la Pe\u00f1a\" style=\"background-image: url(&#039;https:\/\/hospederiasdearagon.com\/wp-content\/uploads\/2018\/04\/05_HospederiaSanJuanDeLaPena-DobleSuperior.jpeg&#039;)\">\n\n\t\t\t\n\t\t\t\t\t<\/div>\n\t\t\t\t\t<div class=\"elementor-carousel-image-overlay e-overlay-animation-fade\">\n\t\t\t\t<i class=\"fas fa-search-plus\"><\/i>\t\t\t<\/div>\n\t\t\t<\/a>\t\t\t\t\t\t<\/div>\n\t\t\t\t\t\t\t\t\t\t\t<div class=\"swiper-slide\" role=\"group\" aria-roledescription=\"slide\">\n\t\t\t\t\t\t\t<a href=\"https:\/\/hospederiasdearagon.com\/wp-content\/uploads\/2024\/08\/Hospederia_San_Juan_Pena-1.jpg\" data-elementor-open-lightbox=\"yes\" data-elementor-lightbox-slideshow=\"46b8ef8\" data-elementor-lightbox-title=\"Hospederia_San_Juan_Pe\u00f1a (1)\" data-e-action-hash=\"#elementor-action%3Aaction%3Dlightbox%26settings%3DeyJpZCI6NjYzNCwidXJsIjoiaHR0cHM6XC9cL2hvc3BlZGVyaWFzZGVhcmFnb24uY29tXC93cC1jb250ZW50XC91cGxvYWRzXC8yMDI0XC8wOFwvSG9zcGVkZXJpYV9TYW5fSnVhbl9QZW5hLTEuanBnIiwic2xpZGVzaG93IjoiNDZiOGVmOCJ9\">\t\t<div class=\"elementor-carousel-image\" role=\"img\" aria-label=\"Habitaci\u00f3n Hospeder\u00eda San Juan de la Pe\u00f1a\" style=\"background-image: url(&#039;https:\/\/hospederiasdearagon.com\/wp-content\/uploads\/2024\/08\/Hospederia_San_Juan_Pena-1.jpg&#039;)\">\n\n\t\t\t\n\t\t\t\t\t<\/div>\n\t\t\t\t\t<div class=\"elementor-carousel-image-overlay e-overlay-animation-fade\">\n\t\t\t\t<i class=\"fas fa-search-plus\"><\/i>\t\t\t<\/div>\n\t\t\t<\/a>\t\t\t\t\t\t<\/div>\n\t\t\t\t\t\t\t\t\t\t\t<div class=\"swiper-slide\" role=\"group\" aria-roledescription=\"slide\">\n\t\t\t\t\t\t\t<a href=\"https:\/\/hospederiasdearagon.com\/wp-content\/uploads\/2024\/08\/Hospederia-San-Juan-de-la-Pena-Habitaciones-3.webp\" data-elementor-open-lightbox=\"yes\" data-elementor-lightbox-slideshow=\"46b8ef8\" data-elementor-lightbox-title=\"Hospeder\u00eda San Juan de la Pe\u00f1a - Habitaciones (3)\" data-e-action-hash=\"#elementor-action%3Aaction%3Dlightbox%26settings%3DeyJpZCI6NjEwNSwidXJsIjoiaHR0cHM6XC9cL2hvc3BlZGVyaWFzZGVhcmFnb24uY29tXC93cC1jb250ZW50XC91cGxvYWRzXC8yMDI0XC8wOFwvSG9zcGVkZXJpYS1TYW4tSnVhbi1kZS1sYS1QZW5hLUhhYml0YWNpb25lcy0zLndlYnAiLCJzbGlkZXNob3ciOiI0NmI4ZWY4In0%3D\">\t\t<div class=\"elementor-carousel-image\" role=\"img\" aria-label=\"Hospeder\u00eda San Juan de la Pe\u00f1a - Habitaciones (3)\" style=\"background-image: url(&#039;https:\/\/hospederiasdearagon.com\/wp-content\/uploads\/2024\/08\/Hospederia-San-Juan-de-la-Pena-Habitaciones-3.webp&#039;)\">\n\n\t\t\t\n\t\t\t\t\t<\/div>\n\t\t\t\t\t<div class=\"elementor-carousel-image-overlay e-overlay-animation-fade\">\n\t\t\t\t<i class=\"fas fa-search-plus\"><\/i>\t\t\t<\/div>\n\t\t\t<\/a>\t\t\t\t\t\t<\/div>\n\t\t\t\t\t\t\t\t\t\t\t<div class=\"swiper-slide\" role=\"group\" aria-roledescription=\"slide\">\n\t\t\t\t\t\t\t<a href=\"https:\/\/hospederiasdearagon.com\/wp-content\/uploads\/2025\/10\/05_HospederiaSanJuanDeLaPena-DobleSuperior.jpeg\" data-elementor-open-lightbox=\"yes\" data-elementor-lightbox-slideshow=\"46b8ef8\" data-elementor-lightbox-title=\"05_HospederiaSanJuanDeLaPena-DobleSuperior\" data-e-action-hash=\"#elementor-action%3Aaction%3Dlightbox%26settings%3DeyJpZCI6NjYxNiwidXJsIjoiaHR0cHM6XC9cL2hvc3BlZGVyaWFzZGVhcmFnb24uY29tXC93cC1jb250ZW50XC91cGxvYWRzXC8yMDI1XC8xMFwvMDVfSG9zcGVkZXJpYVNhbkp1YW5EZUxhUGVuYS1Eb2JsZVN1cGVyaW9yLmpwZWciLCJzbGlkZXNob3ciOiI0NmI4ZWY4In0%3D\">\t\t<div class=\"elementor-carousel-image\" role=\"img\" aria-label=\"05_HospederiaSanJuanDeLaPena-DobleSuperior\" style=\"background-image: url(&#039;https:\/\/hospederiasdearagon.com\/wp-content\/uploads\/2025\/10\/05_HospederiaSanJuanDeLaPena-DobleSuperior.jpeg&#039;)\">\n\n\t\t\t\n\t\t\t\t\t<\/div>\n\t\t\t\t\t<div class=\"elementor-carousel-image-overlay e-overlay-animation-fade\">\n\t\t\t\t<i class=\"fas fa-search-plus\"><\/i>\t\t\t<\/div>\n\t\t\t<\/a>\t\t\t\t\t\t<\/div>\n\t\t\t\t\t\t\t\t\t\t\t<div class=\"swiper-slide\" role=\"group\" aria-roledescription=\"slide\">\n\t\t\t\t\t\t\t<a href=\"https:\/\/hospederiasdearagon.com\/wp-content\/uploads\/2018\/04\/hospederia-monasterio-de-san-juan-de-la-pena.jpg\" data-elementor-open-lightbox=\"yes\" data-elementor-lightbox-slideshow=\"46b8ef8\" data-elementor-lightbox-title=\"hospederia monasterio de san juan de la pena\" data-e-action-hash=\"#elementor-action%3Aaction%3Dlightbox%26settings%3DeyJpZCI6MjAwNywidXJsIjoiaHR0cHM6XC9cL2hvc3BlZGVyaWFzZGVhcmFnb24uY29tXC93cC1jb250ZW50XC91cGxvYWRzXC8yMDE4XC8wNFwvaG9zcGVkZXJpYS1tb25hc3RlcmlvLWRlLXNhbi1qdWFuLWRlLWxhLXBlbmEuanBnIiwic2xpZGVzaG93IjoiNDZiOGVmOCJ9\">\t\t<div class=\"elementor-carousel-image\" role=\"img\" aria-label=\"hospederia monasterio de san juan de la pena\" style=\"background-image: url(&#039;https:\/\/hospederiasdearagon.com\/wp-content\/uploads\/2018\/04\/hospederia-monasterio-de-san-juan-de-la-pena.jpg&#039;)\">\n\n\t\t\t\n\t\t\t\t\t<\/div>\n\t\t\t\t\t<div class=\"elementor-carousel-image-overlay e-overlay-animation-fade\">\n\t\t\t\t<i class=\"fas fa-search-plus\"><\/i>\t\t\t<\/div>\n\t\t\t<\/a>\t\t\t\t\t\t<\/div>\n\t\t\t\t\t\t\t\t\t\t\t<div class=\"swiper-slide\" role=\"group\" aria-roledescription=\"slide\">\n\t\t\t\t\t\t\t<a href=\"https:\/\/hospederiasdearagon.com\/wp-content\/uploads\/2025\/10\/Hospederia_San_Juan_Pena-10.jpg\" data-elementor-open-lightbox=\"yes\" data-elementor-lightbox-slideshow=\"46b8ef8\" data-elementor-lightbox-title=\"Hospederia_San_Juan_Pe\u00f1a (10)\" data-e-action-hash=\"#elementor-action%3Aaction%3Dlightbox%26settings%3DeyJpZCI6NjYzMSwidXJsIjoiaHR0cHM6XC9cL2hvc3BlZGVyaWFzZGVhcmFnb24uY29tXC93cC1jb250ZW50XC91cGxvYWRzXC8yMDI1XC8xMFwvSG9zcGVkZXJpYV9TYW5fSnVhbl9QZW5hLTEwLmpwZyIsInNsaWRlc2hvdyI6IjQ2YjhlZjgifQ%3D%3D\">\t\t<div class=\"elementor-carousel-image\" role=\"img\" aria-label=\"Recepci\u00f3n Hospeder\u00eda San Juan de la Pe\u00f1a\" style=\"background-image: url(&#039;https:\/\/hospederiasdearagon.com\/wp-content\/uploads\/2025\/10\/Hospederia_San_Juan_Pena-10.jpg&#039;)\">\n\n\t\t\t\n\t\t\t\t\t<\/div>\n\t\t\t\t\t<div class=\"elementor-carousel-image-overlay e-overlay-animation-fade\">\n\t\t\t\t<i class=\"fas fa-search-plus\"><\/i>\t\t\t<\/div>\n\t\t\t<\/a>\t\t\t\t\t\t<\/div>\n\t\t\t\t\t\t\t\t\t\t\t<div class=\"swiper-slide\" role=\"group\" aria-roledescription=\"slide\">\n\t\t\t\t\t\t\t<a href=\"https:\/\/hospederiasdearagon.com\/wp-content\/uploads\/2024\/08\/Hospederia-San-Juan-de-la-Pena-Cafeteria-1-copia.jpg\" data-elementor-open-lightbox=\"yes\" data-elementor-lightbox-slideshow=\"46b8ef8\" data-elementor-lightbox-title=\"Hospeder\u00eda San Juan de la Pe\u00f1a - Cafeter\u00eda (1) - copia\" data-e-action-hash=\"#elementor-action%3Aaction%3Dlightbox%26settings%3DeyJpZCI6NjYzOCwidXJsIjoiaHR0cHM6XC9cL2hvc3BlZGVyaWFzZGVhcmFnb24uY29tXC93cC1jb250ZW50XC91cGxvYWRzXC8yMDI0XC8wOFwvSG9zcGVkZXJpYS1TYW4tSnVhbi1kZS1sYS1QZW5hLUNhZmV0ZXJpYS0xLWNvcGlhLmpwZyIsInNsaWRlc2hvdyI6IjQ2YjhlZjgifQ%3D%3D\">\t\t<div class=\"elementor-carousel-image\" role=\"img\" aria-label=\"Hospeder\u00eda San Juan de la Pe\u00f1a - Cafeter\u00eda\" style=\"background-image: url(&#039;https:\/\/hospederiasdearagon.com\/wp-content\/uploads\/2024\/08\/Hospederia-San-Juan-de-la-Pena-Cafeteria-1-copia.jpg&#039;)\">\n\n\t\t\t\n\t\t\t\t\t<\/div>\n\t\t\t\t\t<div class=\"elementor-carousel-image-overlay e-overlay-animation-fade\">\n\t\t\t\t<i class=\"fas fa-search-plus\"><\/i>\t\t\t<\/div>\n\t\t\t<\/a>\t\t\t\t\t\t<\/div>\n\t\t\t\t\t\t\t\t\t\t\t<div class=\"swiper-slide\" role=\"group\" aria-roledescription=\"slide\">\n\t\t\t\t\t\t\t<a href=\"https:\/\/hospederiasdearagon.com\/wp-content\/uploads\/2024\/08\/Cafeteria-San-Juan-de-la-Pena.jpg\" data-elementor-open-lightbox=\"yes\" data-elementor-lightbox-slideshow=\"46b8ef8\" data-elementor-lightbox-title=\"Cafeteria-San-Juan-de-la-Pena\" data-e-action-hash=\"#elementor-action%3Aaction%3Dlightbox%26settings%3DeyJpZCI6NjYwMywidXJsIjoiaHR0cHM6XC9cL2hvc3BlZGVyaWFzZGVhcmFnb24uY29tXC93cC1jb250ZW50XC91cGxvYWRzXC8yMDI0XC8wOFwvQ2FmZXRlcmlhLVNhbi1KdWFuLWRlLWxhLVBlbmEuanBnIiwic2xpZGVzaG93IjoiNDZiOGVmOCJ9\">\t\t<div class=\"elementor-carousel-image\" role=\"img\" aria-label=\"Cafeter\u00eda San Juan de la Pe\u00f1a\" style=\"background-image: url(&#039;https:\/\/hospederiasdearagon.com\/wp-content\/uploads\/2024\/08\/Cafeteria-San-Juan-de-la-Pena.jpg&#039;)\">\n\n\t\t\t\n\t\t\t\t\t<\/div>\n\t\t\t\t\t<div class=\"elementor-carousel-image-overlay e-overlay-animation-fade\">\n\t\t\t\t<i class=\"fas fa-search-plus\"><\/i>\t\t\t<\/div>\n\t\t\t<\/a>\t\t\t\t\t\t<\/div>\n\t\t\t\t\t\t\t\t\t\t\t<div class=\"swiper-slide\" role=\"group\" aria-roledescription=\"slide\">\n\t\t\t\t\t\t\t<a href=\"https:\/\/hospederiasdearagon.com\/wp-content\/uploads\/2024\/08\/Monasterio-Nuevo-San-Juan-de-la-Pena.webp\" data-elementor-open-lightbox=\"yes\" data-elementor-lightbox-slideshow=\"46b8ef8\" data-elementor-lightbox-title=\"Monasterio Nuevo San Juan de la Pe\u00f1a\" data-e-action-hash=\"#elementor-action%3Aaction%3Dlightbox%26settings%3DeyJpZCI6NjEyOCwidXJsIjoiaHR0cHM6XC9cL2hvc3BlZGVyaWFzZGVhcmFnb24uY29tXC93cC1jb250ZW50XC91cGxvYWRzXC8yMDI0XC8wOFwvTW9uYXN0ZXJpby1OdWV2by1TYW4tSnVhbi1kZS1sYS1QZW5hLndlYnAiLCJzbGlkZXNob3ciOiI0NmI4ZWY4In0%3D\">\t\t<div class=\"elementor-carousel-image\" role=\"img\" aria-label=\"Monasterio Nuevo San Juan de la Pe\u00f1a\" style=\"background-image: url(&#039;https:\/\/hospederiasdearagon.com\/wp-content\/uploads\/2024\/08\/Monasterio-Nuevo-San-Juan-de-la-Pena.webp&#039;)\">\n\n\t\t\t\n\t\t\t\t\t<\/div>\n\t\t\t\t\t<div class=\"elementor-carousel-image-overlay e-overlay-animation-fade\">\n\t\t\t\t<i class=\"fas fa-search-plus\"><\/i>\t\t\t<\/div>\n\t\t\t<\/a>\t\t\t\t\t\t<\/div>\n\t\t\t\t\t\t\t\t\t\t\t<div class=\"swiper-slide\" role=\"group\" aria-roledescription=\"slide\">\n\t\t\t\t\t\t\t<a href=\"https:\/\/hospederiasdearagon.com\/wp-content\/uploads\/2024\/08\/Monasterio_San_Juan_Pena-CI-del-Monasterio-1.webp\" data-elementor-open-lightbox=\"yes\" data-elementor-lightbox-slideshow=\"46b8ef8\" data-elementor-lightbox-title=\"Monasterio_San_Juan_Pe\u00f1a - CI del Monasterio (1)\" data-e-action-hash=\"#elementor-action%3Aaction%3Dlightbox%26settings%3DeyJpZCI6NjA5OCwidXJsIjoiaHR0cHM6XC9cL2hvc3BlZGVyaWFzZGVhcmFnb24uY29tXC93cC1jb250ZW50XC91cGxvYWRzXC8yMDI0XC8wOFwvTW9uYXN0ZXJpb19TYW5fSnVhbl9QZW5hLUNJLWRlbC1Nb25hc3RlcmlvLTEud2VicCIsInNsaWRlc2hvdyI6IjQ2YjhlZjgifQ%3D%3D\">\t\t<div class=\"elementor-carousel-image\" role=\"img\" aria-label=\"Monasterio_San_Juan_Pe\u00f1a - CI del Monasterio (1)\" style=\"background-image: url(&#039;https:\/\/hospederiasdearagon.com\/wp-content\/uploads\/2024\/08\/Monasterio_San_Juan_Pena-CI-del-Monasterio-1.webp&#039;)\">\n\n\t\t\t\n\t\t\t\t\t<\/div>\n\t\t\t\t\t<div class=\"elementor-carousel-image-overlay e-overlay-animation-fade\">\n\t\t\t\t<i class=\"fas fa-search-plus\"><\/i>\t\t\t<\/div>\n\t\t\t<\/a>\t\t\t\t\t\t<\/div>\n\t\t\t\t\t\t\t\t\t\t\t<div class=\"swiper-slide\" role=\"group\" aria-roledescription=\"slide\">\n\t\t\t\t\t\t\t<a href=\"https:\/\/hospederiasdearagon.com\/wp-content\/uploads\/2024\/08\/Monasterio_San_Juan_Pena-CI-del-Monasterio-6.webp\" data-elementor-open-lightbox=\"yes\" data-elementor-lightbox-slideshow=\"46b8ef8\" data-elementor-lightbox-title=\"Monasterio_San_Juan_Pe\u00f1a - CI del Monasterio (6)\" data-e-action-hash=\"#elementor-action%3Aaction%3Dlightbox%26settings%3DeyJpZCI6NjEwMSwidXJsIjoiaHR0cHM6XC9cL2hvc3BlZGVyaWFzZGVhcmFnb24uY29tXC93cC1jb250ZW50XC91cGxvYWRzXC8yMDI0XC8wOFwvTW9uYXN0ZXJpb19TYW5fSnVhbl9QZW5hLUNJLWRlbC1Nb25hc3RlcmlvLTYud2VicCIsInNsaWRlc2hvdyI6IjQ2YjhlZjgifQ%3D%3D\">\t\t<div class=\"elementor-carousel-image\" role=\"img\" aria-label=\"Monasterio San Juan de la Pe\u00f1a - CI del Monasterio (6)\" style=\"background-image: url(&#039;https:\/\/hospederiasdearagon.com\/wp-content\/uploads\/2024\/08\/Monasterio_San_Juan_Pena-CI-del-Monasterio-6.webp&#039;)\">\n\n\t\t\t\n\t\t\t\t\t<\/div>\n\t\t\t\t\t<div class=\"elementor-carousel-image-overlay e-overlay-animation-fade\">\n\t\t\t\t<i class=\"fas fa-search-plus\"><\/i>\t\t\t<\/div>\n\t\t\t<\/a>\t\t\t\t\t\t<\/div>\n\t\t\t\t\t\t\t\t\t\t\t<div class=\"swiper-slide\" role=\"group\" aria-roledescription=\"slide\">\n\t\t\t\t\t\t\t<a href=\"https:\/\/hospederiasdearagon.com\/wp-content\/uploads\/2025\/10\/Hospederia-Monasterio-nuevo-de-San-Juan-de-la-Pena-Huesca.jpg\" data-elementor-open-lightbox=\"yes\" data-elementor-lightbox-slideshow=\"46b8ef8\" data-elementor-lightbox-title=\"Hospeder\u00eda Monasterio nuevo de San Juan de la Pe\u00f1a - Huesca\" data-e-action-hash=\"#elementor-action%3Aaction%3Dlightbox%26settings%3DeyJpZCI6NjYxMywidXJsIjoiaHR0cHM6XC9cL2hvc3BlZGVyaWFzZGVhcmFnb24uY29tXC93cC1jb250ZW50XC91cGxvYWRzXC8yMDI1XC8xMFwvSG9zcGVkZXJpYS1Nb25hc3RlcmlvLW51ZXZvLWRlLVNhbi1KdWFuLWRlLWxhLVBlbmEtSHVlc2NhLmpwZyIsInNsaWRlc2hvdyI6IjQ2YjhlZjgifQ%3D%3D\">\t\t<div class=\"elementor-carousel-image\" role=\"img\" aria-label=\"Hospeder\u00eda Monasterio nuevo de San Juan de la Pe\u00f1a - Huesca\" style=\"background-image: url(&#039;https:\/\/hospederiasdearagon.com\/wp-content\/uploads\/2025\/10\/Hospederia-Monasterio-nuevo-de-San-Juan-de-la-Pena-Huesca.jpg&#039;)\">\n\n\t\t\t\n\t\t\t\t\t<\/div>\n\t\t\t\t\t<div class=\"elementor-carousel-image-overlay e-overlay-animation-fade\">\n\t\t\t\t<i class=\"fas fa-search-plus\"><\/i>\t\t\t<\/div>\n\t\t\t<\/a>\t\t\t\t\t\t<\/div>\n\t\t\t\t\t\t\t\t\t<\/div>\n\t\t\t\t\t\t\t\t\t\t\t\t\t\t\t<div class=\"elementor-swiper-button elementor-swiper-button-prev\" role=\"button\" tabindex=\"0\" aria-label=\"Pr\u00e9c\u00e9dent\">\n\t\t\t\t\t\t\t<i aria-hidden=\"true\" class=\"eicon-chevron-left\"><\/i>\t\t\t\t\t\t<\/div>\n\t\t\t\t\t\t<div class=\"elementor-swiper-button elementor-swiper-button-next\" role=\"button\" tabindex=\"0\" aria-label=\"Suivant\">\n\t\t\t\t\t\t\t<i aria-hidden=\"true\" class=\"eicon-chevron-right\"><\/i>\t\t\t\t\t\t<\/div>\n\t\t\t\t\t\t\t\t\t\t\t\t\t\t\t\t<div class=\"swiper-pagination\"><\/div>\n\t\t\t\t\t\t\t\t\t\t\t\t<\/div>\n\t\t\t\t<\/div>\n\t\t\t\t\t\t\t\t<\/div>\n\t\t\t\t<\/div>\n\t\t\t\t\t<\/div>\n\t\t<\/div>\n\t\t\t\t\t<\/div>\n\t\t<\/section>\n\t\t\t\t<\/div>\n\t\t<\/p>\n\t\t\t\t\t\t<\/div>\n\t\t\t\t\t<\/div>\n\t\t\t\t\t\t\t\t\t<div class=\"pp-tabs-panel\">\n\t\t\t\t\t\t<div class=\"pp-advanced-tabs-title pp-tabs-label pp-tab-responsive   at-no-hover\" data-index=\"4652\">\n\t\t\t\t\t\t\t<div class=\"pp-advanced-tabs-title-inner\">\n\t\t\t\t\t\t\t\t\t\t\t<span class=\"pp-icon pp-advanced-tabs-icon-bottom\">\n\t\t\t\t<i aria-hidden=\"true\" class=\"fas fa-caret-down\"><\/i>\t\t\t<\/span>\n\t\t\t\n\t\t\t\t\t\t\t\t<span class=\"pp-advanced-tabs-title-text\">L'ENVIRONNEMENT<\/span>\n\t\t\t\t\t\t\t\t<i class=\"pp-toggle-icon pp-tab-open fa\"><\/i>\n\t\t\t\t\t\t\t<\/div>\n\t\t\t\t\t\t<\/div>\n\t\t\t\t\t\t<div id=\"pp-advanced-tabs-content-4652\" class=\"pp-advanced-tabs-content elementor-clearfix pp-advanced-tabs-tab_content \" data-tab=\"2\" data-index=\"4652\" role=\"tabpanel\" aria-labelledby=\"pp-advanced-tabs-title-4652\">\n\t\t\t\t\t\t\t<p>\t\t<div data-elementor-type=\"page\" data-elementor-id=\"6213\" class=\"elementor elementor-6213 elementor-6112\" data-elementor-post-type=\"elementor_library\">\n\t\t\t\t\t\t<section class=\"elementor-section elementor-top-section elementor-element elementor-element-4b1c894 elementor-section-boxed elementor-section-height-default elementor-section-height-default\" data-id=\"4b1c894\" data-element_type=\"section\">\n\t\t\t\t\t\t<div class=\"elementor-container elementor-column-gap-default\">\n\t\t\t\t\t<div class=\"elementor-column elementor-col-100 elementor-top-column elementor-element elementor-element-0af1e34\" data-id=\"0af1e34\" data-element_type=\"column\">\n\t\t\t<div class=\"elementor-widget-wrap elementor-element-populated\">\n\t\t\t\t\t\t<div class=\"elementor-element elementor-element-2e2494d elementor-widget elementor-widget-heading\" data-id=\"2e2494d\" data-element_type=\"widget\" data-widget_type=\"heading.default\">\n\t\t\t\t<div class=\"elementor-widget-container\">\n\t\t\t\t\t<h3 class=\"elementor-heading-title elementor-size-default\">Les alentours Hospeder\u00eda San Juan de la Pe\u00f1a<\/h3>\t\t\t\t<\/div>\n\t\t\t\t<\/div>\n\t\t\t\t<div class=\"elementor-element elementor-element-058e504 elementor-widget elementor-widget-text-editor\" data-id=\"058e504\" data-element_type=\"widget\" data-widget_type=\"text-editor.default\">\n\t\t\t\t<div class=\"elementor-widget-container\">\n\t\t\t\t\t\t\t\t\t<p>En pleins Pyr\u00e9n\u00e9es se trouve le spectaculaire espace du\u00a0<strong>Paysage Prot\u00e9g\u00e9 de Saint Jean de la Pe\u00f1a et du Monte Oroel<\/strong>, et entre ses \u00e9l\u00e9ments plus remarquables on peut trouver le\u00a0<strong>Vieux Monast\u00e8re de San Juan de la Pe\u00f1a<\/strong>, tr\u00e9sor de l\u2019\u00e9poque m\u00e9di\u00e9vale.<\/p>\n<p>Le territoire o\u00f9 se trouve <strong>San Juan de la Pe\u00f1a<\/strong> c\u00b4est un espace naturel avec une biodiversit\u00e9 surprenante. La grande roche qui lui donne son nom, ainsi comme le Mont Oroel, est un \u00e9norme territoire concave accroch\u00e9 de conglom\u00e9rats, avec des sommets dans les montagnes Cuculo et Saint Salvateur.<\/p>\n\t\t\t\t\t\t\t\t<\/div>\n\t\t\t\t<\/div>\n\t\t\t\t<div class=\"elementor-element elementor-element-6745a29 elementor-widget elementor-widget-image\" data-id=\"6745a29\" data-element_type=\"widget\" data-widget_type=\"image.default\">\n\t\t\t\t<div class=\"elementor-widget-container\">\n\t\t\t\t\t\t\t\t\t\t\t\t\t\t\t\t<a href=\"https:\/\/hospederiasdearagon.com\/wp-content\/uploads\/2024\/08\/Monasterio_San_Juan_Pena-Monasterio-Nuevo-23.webp\" data-elementor-open-lightbox=\"yes\" data-elementor-lightbox-title=\"Monasterio_San_Juan_Pe\u00f1a - Monasterio Nuevo (23)\" data-e-action-hash=\"#elementor-action%3Aaction%3Dlightbox%26settings%3DeyJpZCI6NjEyMiwidXJsIjoiaHR0cHM6XC9cL2hvc3BlZGVyaWFzZGVhcmFnb24uY29tXC93cC1jb250ZW50XC91cGxvYWRzXC8yMDI0XC8wOFwvTW9uYXN0ZXJpb19TYW5fSnVhbl9QZW5hLU1vbmFzdGVyaW8tTnVldm8tMjMud2VicCJ9\">\n\t\t\t\t\t\t\t<img decoding=\"async\" src=\"https:\/\/hospederiasdearagon.com\/wp-content\/uploads\/2024\/08\/Monasterio_San_Juan_Pena-Monasterio-Nuevo-23.webp\" title=\"Monasterio_San_Juan_Pe\u00f1a &#8211; Monasterio Nuevo (23)\" alt=\"Monasterio San Juan de la Pe\u00f1a\" loading=\"lazy\" \/>\t\t\t\t\t\t\t\t<\/a>\n\t\t\t\t\t\t\t\t\t\t\t\t\t\t\t<\/div>\n\t\t\t\t<\/div>\n\t\t\t\t\t<\/div>\n\t\t<\/div>\n\t\t\t\t\t<\/div>\n\t\t<\/section>\n\t\t\t\t<section class=\"elementor-section elementor-top-section elementor-element elementor-element-d069256 elementor-section-boxed elementor-section-height-default elementor-section-height-default\" data-id=\"d069256\" data-element_type=\"section\">\n\t\t\t\t\t\t<div class=\"elementor-container elementor-column-gap-default\">\n\t\t\t\t\t<div class=\"elementor-column elementor-col-50 elementor-top-column elementor-element elementor-element-0975a95\" data-id=\"0975a95\" data-element_type=\"column\">\n\t\t\t<div class=\"elementor-widget-wrap elementor-element-populated\">\n\t\t\t\t\t\t<div class=\"elementor-element elementor-element-4530413 elementor-widget elementor-widget-image\" data-id=\"4530413\" data-element_type=\"widget\" data-widget_type=\"image.default\">\n\t\t\t\t<div class=\"elementor-widget-container\">\n\t\t\t\t\t\t\t\t\t\t\t\t\t\t\t\t<a href=\"https:\/\/hospederiasdearagon.com\/wp-content\/uploads\/2024\/08\/Monasterio-Viejo-y-Monasterio-Nuevo.webp\" data-elementor-open-lightbox=\"yes\" data-elementor-lightbox-title=\"Monasterio Viejo y Monasterio Nuevo\" data-e-action-hash=\"#elementor-action%3Aaction%3Dlightbox%26settings%3DeyJpZCI6NjEyNSwidXJsIjoiaHR0cHM6XC9cL2hvc3BlZGVyaWFzZGVhcmFnb24uY29tXC93cC1jb250ZW50XC91cGxvYWRzXC8yMDI0XC8wOFwvTW9uYXN0ZXJpby1WaWVqby15LU1vbmFzdGVyaW8tTnVldm8ud2VicCJ9\">\n\t\t\t\t\t\t\t<img decoding=\"async\" width=\"686\" height=\"1024\" src=\"https:\/\/hospederiasdearagon.com\/wp-content\/uploads\/2024\/08\/Monasterio-Viejo-y-Monasterio-Nuevo-686x1024.webp\" class=\"attachment-large size-large wp-image-6125\" alt=\"Monasterio Viejo y Monasterio Nuevo\" srcset=\"https:\/\/hospederiasdearagon.com\/wp-content\/uploads\/2024\/08\/Monasterio-Viejo-y-Monasterio-Nuevo-686x1024.webp 686w, https:\/\/hospederiasdearagon.com\/wp-content\/uploads\/2024\/08\/Monasterio-Viejo-y-Monasterio-Nuevo-201x300.webp 201w, https:\/\/hospederiasdearagon.com\/wp-content\/uploads\/2024\/08\/Monasterio-Viejo-y-Monasterio-Nuevo-768x1147.webp 768w, https:\/\/hospederiasdearagon.com\/wp-content\/uploads\/2024\/08\/Monasterio-Viejo-y-Monasterio-Nuevo.webp 800w\" sizes=\"(max-width: 686px) 100vw, 686px\" \/>\t\t\t\t\t\t\t\t<\/a>\n\t\t\t\t\t\t\t\t\t\t\t\t\t\t\t<\/div>\n\t\t\t\t<\/div>\n\t\t\t\t\t<\/div>\n\t\t<\/div>\n\t\t\t\t<div class=\"elementor-column elementor-col-50 elementor-top-column elementor-element elementor-element-89c6bb8\" data-id=\"89c6bb8\" data-element_type=\"column\">\n\t\t\t<div class=\"elementor-widget-wrap elementor-element-populated\">\n\t\t\t\t\t\t<div class=\"elementor-element elementor-element-771760e elementor-widget elementor-widget-image\" data-id=\"771760e\" data-element_type=\"widget\" data-widget_type=\"image.default\">\n\t\t\t\t<div class=\"elementor-widget-container\">\n\t\t\t\t\t\t\t\t\t\t\t\t\t\t\t\t<a href=\"https:\/\/hospederiasdearagon.com\/wp-content\/uploads\/2024\/08\/Monasterio-Nuevo-San-Juan-de-la-Pena.webp\" data-elementor-open-lightbox=\"yes\" data-elementor-lightbox-title=\"Monasterio Nuevo San Juan de la Pe\u00f1a\" data-e-action-hash=\"#elementor-action%3Aaction%3Dlightbox%26settings%3DeyJpZCI6NjEyOCwidXJsIjoiaHR0cHM6XC9cL2hvc3BlZGVyaWFzZGVhcmFnb24uY29tXC93cC1jb250ZW50XC91cGxvYWRzXC8yMDI0XC8wOFwvTW9uYXN0ZXJpby1OdWV2by1TYW4tSnVhbi1kZS1sYS1QZW5hLndlYnAifQ%3D%3D\">\n\t\t\t\t\t\t\t<img loading=\"lazy\" decoding=\"async\" width=\"1024\" height=\"685\" src=\"https:\/\/hospederiasdearagon.com\/wp-content\/uploads\/2024\/08\/Monasterio-Nuevo-San-Juan-de-la-Pena.webp\" class=\"attachment-large size-large wp-image-6128\" alt=\"Monasterio Nuevo San Juan de la Pe\u00f1a\" srcset=\"https:\/\/hospederiasdearagon.com\/wp-content\/uploads\/2024\/08\/Monasterio-Nuevo-San-Juan-de-la-Pena.webp 1024w, https:\/\/hospederiasdearagon.com\/wp-content\/uploads\/2024\/08\/Monasterio-Nuevo-San-Juan-de-la-Pena-300x201.webp 300w, https:\/\/hospederiasdearagon.com\/wp-content\/uploads\/2024\/08\/Monasterio-Nuevo-San-Juan-de-la-Pena-768x514.webp 768w\" sizes=\"(max-width: 1024px) 100vw, 1024px\" \/>\t\t\t\t\t\t\t\t<\/a>\n\t\t\t\t\t\t\t\t\t\t\t\t\t\t\t<\/div>\n\t\t\t\t<\/div>\n\t\t\t\t<div class=\"elementor-element elementor-element-67efa55 elementor-widget elementor-widget-image\" data-id=\"67efa55\" data-element_type=\"widget\" data-widget_type=\"image.default\">\n\t\t\t\t<div class=\"elementor-widget-container\">\n\t\t\t\t\t\t\t\t\t\t\t\t\t\t\t\t<a href=\"https:\/\/hospederiasdearagon.com\/wp-content\/uploads\/2024\/08\/Monasterio_San_Juan_Pena-Monasterio-Nuevo-14.webp\" data-elementor-open-lightbox=\"yes\" data-elementor-lightbox-title=\"Monasterio_San_Juan_Pe\u00f1a - Monasterio Nuevo (14)\" data-e-action-hash=\"#elementor-action%3Aaction%3Dlightbox%26settings%3DeyJpZCI6NjEzOCwidXJsIjoiaHR0cHM6XC9cL2hvc3BlZGVyaWFzZGVhcmFnb24uY29tXC93cC1jb250ZW50XC91cGxvYWRzXC8yMDI0XC8wOFwvTW9uYXN0ZXJpb19TYW5fSnVhbl9QZW5hLU1vbmFzdGVyaW8tTnVldm8tMTQud2VicCJ9\">\n\t\t\t\t\t\t\t<img loading=\"lazy\" decoding=\"async\" width=\"1024\" height=\"683\" src=\"https:\/\/hospederiasdearagon.com\/wp-content\/uploads\/2024\/08\/Monasterio_San_Juan_Pena-Monasterio-Nuevo-14-1024x683.webp\" class=\"attachment-large size-large wp-image-6138\" alt=\"Monasterio_San_Juan_Pe\u00f1a - Monasterio Nuevo (14)\" srcset=\"https:\/\/hospederiasdearagon.com\/wp-content\/uploads\/2024\/08\/Monasterio_San_Juan_Pena-Monasterio-Nuevo-14-1024x683.webp 1024w, https:\/\/hospederiasdearagon.com\/wp-content\/uploads\/2024\/08\/Monasterio_San_Juan_Pena-Monasterio-Nuevo-14-300x200.webp 300w, https:\/\/hospederiasdearagon.com\/wp-content\/uploads\/2024\/08\/Monasterio_San_Juan_Pena-Monasterio-Nuevo-14-768x512.webp 768w, https:\/\/hospederiasdearagon.com\/wp-content\/uploads\/2024\/08\/Monasterio_San_Juan_Pena-Monasterio-Nuevo-14.webp 1200w\" sizes=\"(max-width: 1024px) 100vw, 1024px\" \/>\t\t\t\t\t\t\t\t<\/a>\n\t\t\t\t\t\t\t\t\t\t\t\t\t\t\t<\/div>\n\t\t\t\t<\/div>\n\t\t\t\t\t<\/div>\n\t\t<\/div>\n\t\t\t\t\t<\/div>\n\t\t<\/section>\n\t\t\t\t<section class=\"elementor-section elementor-top-section elementor-element elementor-element-accf276 elementor-section-boxed elementor-section-height-default elementor-section-height-default\" data-id=\"accf276\" data-element_type=\"section\">\n\t\t\t\t\t\t<div class=\"elementor-container elementor-column-gap-default\">\n\t\t\t\t\t<div class=\"elementor-column elementor-col-100 elementor-top-column elementor-element elementor-element-a4b0a83\" data-id=\"a4b0a83\" data-element_type=\"column\">\n\t\t\t<div class=\"elementor-widget-wrap elementor-element-populated\">\n\t\t\t\t\t\t<div class=\"elementor-element elementor-element-8d72d90 elementor-widget elementor-widget-text-editor\" data-id=\"8d72d90\" data-element_type=\"widget\" data-widget_type=\"text-editor.default\">\n\t\t\t\t<div class=\"elementor-widget-container\">\n\t\t\t\t\t\t\t\t\t<p>Ici grandissent des grandes masses foresti\u00e8res, entre lesquelles il faut remarquer le pin sauvage, le ch\u00eane vert ou yeuse, le ch\u00eane du Portugal, le buis&#8230; Dans les zones les plus prot\u00e9g\u00e9es il y a des plantes qui ont besoin d\u00b4 une plus grande humidit\u00e9 atmosph\u00e9rique, comme le h\u00eatre.<\/p>\n<p>Dans les falaises se produit un grand d\u00e9veloppement des esp\u00e8ces rupicoles qui ont un grand int\u00e9r\u00eat botanique, comme l&rsquo;oreille d&rsquo;ours, la val\u00e9riane des collines, etc. Les champignons, en grande abondance, et des diff\u00e9rents types d&rsquo;oiseaux compl\u00e8tent un \u00e9cosyst\u00e8me plein de vie, dans lequel il faut remarquer les rapaces et les animaux n\u00e9crophages comme sont le vautour commun ou le vautour percnopt\u00e8re, en plus de la faune caract\u00e9ristique de la for\u00eat : les sangliers, les renards, les binturongs, les chats sauvages, les chevreuils&#8230;<\/p>\n<p>Dans les alentours des deux monast\u00e8res il existe de nombreux belv\u00e9d\u00e8res avec vues panoramiques aux Pyr\u00e9n\u00e9es, entre lesquelles il faut souligner\u00a0le<strong> Balcon des Pyr\u00e9n\u00e9es <\/strong>et le<strong> Belv\u00e9d\u00e8re de Saint Vote<\/strong>, ainsi comme les diff\u00e9rents ermitages.<\/p>\n\t\t\t\t\t\t\t\t<\/div>\n\t\t\t\t<\/div>\n\t\t\t\t<div class=\"elementor-element elementor-element-d514cff elementor-widget__width-initial elementor-widget elementor-widget-image\" data-id=\"d514cff\" data-element_type=\"widget\" data-widget_type=\"image.default\">\n\t\t\t\t<div class=\"elementor-widget-container\">\n\t\t\t\t\t\t\t\t\t\t\t\t\t\t\t\t<a href=\"https:\/\/hospederiasdearagon.com\/wp-content\/uploads\/2024\/08\/RUTA-7-S-Juan-de-la-Pena-008.webp\" data-elementor-open-lightbox=\"yes\" data-elementor-lightbox-title=\"RUTA 7 - S Juan de la Pe\u00f1a -008\" data-e-action-hash=\"#elementor-action%3Aaction%3Dlightbox%26settings%3DeyJpZCI6NjE1NCwidXJsIjoiaHR0cHM6XC9cL2hvc3BlZGVyaWFzZGVhcmFnb24uY29tXC93cC1jb250ZW50XC91cGxvYWRzXC8yMDI0XC8wOFwvUlVUQS03LVMtSnVhbi1kZS1sYS1QZW5hLTAwOC53ZWJwIn0%3D\">\n\t\t\t\t\t\t\t<img decoding=\"async\" src=\"https:\/\/hospederiasdearagon.com\/wp-content\/uploads\/2024\/08\/RUTA-7-S-Juan-de-la-Pena-008.webp\" title=\"RUTA 7 &#8211; S Juan de la Pe\u00f1a -008\" alt=\"RUTA 7 - S Juan de la Pe\u00f1a -008\" loading=\"lazy\" \/>\t\t\t\t\t\t\t\t<\/a>\n\t\t\t\t\t\t\t\t\t\t\t\t\t\t\t<\/div>\n\t\t\t\t<\/div>\n\t\t\t\t<div class=\"elementor-element elementor-element-ba886d7 elementor-widget__width-initial elementor-widget elementor-widget-image\" data-id=\"ba886d7\" data-element_type=\"widget\" data-widget_type=\"image.default\">\n\t\t\t\t<div class=\"elementor-widget-container\">\n\t\t\t\t\t\t\t\t\t\t\t\t\t\t\t\t<a href=\"https:\/\/hospederiasdearagon.com\/wp-content\/uploads\/2024\/08\/RUTA-7-S-Cruz-La-Seros-Iglesia-de-Sta-Ma-4.webp\" data-elementor-open-lightbox=\"yes\" data-elementor-lightbox-title=\"RUTA 7 - S Cruz La Seros -Iglesia de Sta M\u00aa (4)\" data-e-action-hash=\"#elementor-action%3Aaction%3Dlightbox%26settings%3DeyJpZCI6NjE0NCwidXJsIjoiaHR0cHM6XC9cL2hvc3BlZGVyaWFzZGVhcmFnb24uY29tXC93cC1jb250ZW50XC91cGxvYWRzXC8yMDI0XC8wOFwvUlVUQS03LVMtQ3J1ei1MYS1TZXJvcy1JZ2xlc2lhLWRlLVN0YS1NYS00LndlYnAifQ%3D%3D\">\n\t\t\t\t\t\t\t<img decoding=\"async\" src=\"https:\/\/hospederiasdearagon.com\/wp-content\/uploads\/2024\/08\/RUTA-7-S-Cruz-La-Seros-Iglesia-de-Sta-Ma-4.webp\" title=\"RUTA 7 &#8211; S Cruz La Seros -Iglesia de Sta M\u00aa (4)\" alt=\"RUTA 7 - S Cruz La Seros -Iglesia de Sta M\u00aa (4)\" loading=\"lazy\" \/>\t\t\t\t\t\t\t\t<\/a>\n\t\t\t\t\t\t\t\t\t\t\t\t\t\t\t<\/div>\n\t\t\t\t<\/div>\n\t\t\t\t<div class=\"elementor-element elementor-element-475c263 elementor-widget elementor-widget-text-editor\" data-id=\"475c263\" data-element_type=\"widget\" data-widget_type=\"text-editor.default\">\n\t\t\t\t<div class=\"elementor-widget-container\">\n\t\t\t\t\t\t\t\t\t<p>\u00c0\u00a0<strong>San Juan de la Pe\u00f1a<\/strong>, \u00e9tant donn\u00e9 sa localisation privil\u00e9gi\u00e9e, il existe de nombreux belv\u00e9d\u00e8res avec vues panoramiques aux Pyr\u00e9n\u00e9es, ainsi comme les diff\u00e9rents sentiers de randonn\u00e9e situ\u00e9s dans les alentours des deux monast\u00e8res. On peut acc\u00e9der \u00e0 tous \u00e0 travers de beaux sentiers dans la for\u00eat du <strong>Paysage Prot\u00e9g\u00e9 de Saint Jean de la Pe\u00f1a et du Monte Oroel<\/strong><strong>.<\/strong><\/p>\n\t\t\t\t\t\t\t\t<\/div>\n\t\t\t\t<\/div>\n\t\t\t\t<div class=\"elementor-element elementor-element-a01d6e6 elementor-widget elementor-widget-image\" data-id=\"a01d6e6\" data-element_type=\"widget\" data-widget_type=\"image.default\">\n\t\t\t\t<div class=\"elementor-widget-container\">\n\t\t\t\t\t\t\t\t\t\t\t\t\t\t\t\t<a href=\"https:\/\/hospederiasdearagon.com\/wp-content\/uploads\/2024\/08\/Monasterio_San_Juan_Pena-Monasterio-Viejo-12.webp\" data-elementor-open-lightbox=\"yes\" data-elementor-lightbox-title=\"Monasterio_San_Juan_Pe\u00f1a - Monasterio Viejo (12)\" data-e-action-hash=\"#elementor-action%3Aaction%3Dlightbox%26settings%3DeyJpZCI6NjE2NSwidXJsIjoiaHR0cHM6XC9cL2hvc3BlZGVyaWFzZGVhcmFnb24uY29tXC93cC1jb250ZW50XC91cGxvYWRzXC8yMDI0XC8wOFwvTW9uYXN0ZXJpb19TYW5fSnVhbl9QZW5hLU1vbmFzdGVyaW8tVmllam8tMTIud2VicCJ9\">\n\t\t\t\t\t\t\t<img decoding=\"async\" src=\"https:\/\/hospederiasdearagon.com\/wp-content\/uploads\/2024\/08\/Monasterio_San_Juan_Pena-Monasterio-Viejo-12.webp\" title=\"Monasterio_San_Juan_Pe\u00f1a &#8211; Monasterio Viejo (12)\" alt=\"Monasterio_San_Juan_Pe\u00f1a - Monasterio Viejo (12)\" loading=\"lazy\" \/>\t\t\t\t\t\t\t\t<\/a>\n\t\t\t\t\t\t\t\t\t\t\t\t\t\t\t<\/div>\n\t\t\t\t<\/div>\n\t\t\t\t<div class=\"elementor-element elementor-element-8e3cf0d elementor-widget elementor-widget-text-editor\" data-id=\"8e3cf0d\" data-element_type=\"widget\" data-widget_type=\"text-editor.default\">\n\t\t\t\t<div class=\"elementor-widget-container\">\n\t\t\t\t\t\t\t\t\t<p>Le charmant centre-ville de <strong>Santa Cruz de la Ser\u00f3s<\/strong> se trouve a \u00e0 7 Km de San Juan de la Pe\u00f1a et il abrite deux joyaux romans incontournables. <strong>L&rsquo;\u00e9glise de Santa Mar\u00eda<\/strong> \u00e9tait un monast\u00e8re de religieuses b\u00e9n\u00e9dictines aux XIe et XIIe si\u00e8cles et \u00e0 l\u2019int\u00e9rieur de ses murs vivaient les femmes de la noblesse aragonaise. Aresa, Urraca et Sancha, filles du roi Ramiro Ier, \u00e9taient ses habitants les plus c\u00e9l\u00e8bres. Il faut distinguer leur tympan, son clocher et un retable gothique du XVe si\u00e8cle. <strong>L&rsquo;ermitage de San Caprasio<\/strong>, situ\u00e9 \u00e0 l&rsquo;entr\u00e9e du village, est un bel exemple de l&rsquo;art roman lombard du XIe si\u00e8cle.<\/p>\n<p>Il existe un chemin \u00e1 pieds, une <strong>variante du \u2018Camino de Santiago\u2019<\/strong> qui va de Jaca au monast\u00e8re de San Juan de la Pe\u00f1a, c&rsquo;est le sentier GR 65.3.2. Le d\u00e9tour dure environ 5 km. Apr\u00e8s avoir pass\u00e9 Jaca, travers\u00e9 le pont de la rivi\u00e8re Gas en direction de la ville d&rsquo;Atar\u00e9s.<\/p>\n\t\t\t\t\t\t\t\t<\/div>\n\t\t\t\t<\/div>\n\t\t\t\t\t<\/div>\n\t\t<\/div>\n\t\t\t\t\t<\/div>\n\t\t<\/section>\n\t\t\t\t<section class=\"elementor-section elementor-top-section elementor-element elementor-element-5f607cb elementor-section-boxed elementor-section-height-default elementor-section-height-default\" data-id=\"5f607cb\" data-element_type=\"section\">\n\t\t\t\t\t\t<div class=\"elementor-container elementor-column-gap-default\">\n\t\t\t\t\t<div class=\"elementor-column elementor-col-100 elementor-top-column elementor-element elementor-element-f646004\" data-id=\"f646004\" data-element_type=\"column\">\n\t\t\t<div class=\"elementor-widget-wrap elementor-element-populated\">\n\t\t\t\t\t\t<div class=\"elementor-element elementor-element-487f67c elementor-widget elementor-widget-image\" data-id=\"487f67c\" data-element_type=\"widget\" data-widget_type=\"image.default\">\n\t\t\t\t<div class=\"elementor-widget-container\">\n\t\t\t\t\t\t\t\t\t\t\t\t\t\t\t\t<a href=\"https:\/\/hospederiasdearagon.com\/wp-content\/uploads\/2024\/08\/Monasterio_San_Juan_Pena-Claustro-M-Viejo-1.webp\" data-elementor-open-lightbox=\"yes\" data-elementor-lightbox-title=\"Monasterio_San_Juan_Pe\u00f1a - Claustro M Viejo (1)\" data-e-action-hash=\"#elementor-action%3Aaction%3Dlightbox%26settings%3DeyJpZCI6NjE1OSwidXJsIjoiaHR0cHM6XC9cL2hvc3BlZGVyaWFzZGVhcmFnb24uY29tXC93cC1jb250ZW50XC91cGxvYWRzXC8yMDI0XC8wOFwvTW9uYXN0ZXJpb19TYW5fSnVhbl9QZW5hLUNsYXVzdHJvLU0tVmllam8tMS53ZWJwIn0%3D\">\n\t\t\t\t\t\t\t<img decoding=\"async\" src=\"https:\/\/hospederiasdearagon.com\/wp-content\/uploads\/2024\/08\/Monasterio_San_Juan_Pena-Claustro-M-Viejo-1.webp\" title=\"Monasterio_San_Juan_Pe\u00f1a &#8211; Claustro M Viejo (1)\" alt=\"Monasterio_San_Juan_Pe\u00f1a - Claustro M Viejo (1)\" loading=\"lazy\" \/>\t\t\t\t\t\t\t\t<\/a>\n\t\t\t\t\t\t\t\t\t\t\t\t\t\t\t<\/div>\n\t\t\t\t<\/div>\n\t\t\t\t<div class=\"elementor-element elementor-element-2d814e3 elementor-widget elementor-widget-image\" data-id=\"2d814e3\" data-element_type=\"widget\" data-widget_type=\"image.default\">\n\t\t\t\t<div class=\"elementor-widget-container\">\n\t\t\t\t\t\t\t\t\t\t\t\t\t\t\t\t<a href=\"https:\/\/hospederiasdearagon.com\/wp-content\/uploads\/2024\/08\/Monasterio_San_Juan_Pena-Monasterio-Viejo-3.webp\" data-elementor-open-lightbox=\"yes\" data-elementor-lightbox-title=\"Monasterio_San_Juan_Pe\u00f1a - Monasterio Viejo (3)\" data-e-action-hash=\"#elementor-action%3Aaction%3Dlightbox%26settings%3DeyJpZCI6NjE2MiwidXJsIjoiaHR0cHM6XC9cL2hvc3BlZGVyaWFzZGVhcmFnb24uY29tXC93cC1jb250ZW50XC91cGxvYWRzXC8yMDI0XC8wOFwvTW9uYXN0ZXJpb19TYW5fSnVhbl9QZW5hLU1vbmFzdGVyaW8tVmllam8tMy53ZWJwIn0%3D\">\n\t\t\t\t\t\t\t<img decoding=\"async\" src=\"https:\/\/hospederiasdearagon.com\/wp-content\/uploads\/2024\/08\/Monasterio_San_Juan_Pena-Monasterio-Viejo-3.webp\" title=\"Monasterio_San_Juan_Pe\u00f1a &#8211; Monasterio Viejo (3)\" alt=\"Monasterio_San_Juan_Pe\u00f1a - Monasterio Viejo (3)\" loading=\"lazy\" \/>\t\t\t\t\t\t\t\t<\/a>\n\t\t\t\t\t\t\t\t\t\t\t\t\t\t\t<\/div>\n\t\t\t\t<\/div>\n\t\t\t\t<div class=\"elementor-element elementor-element-895a9c6 elementor-widget elementor-widget-image\" data-id=\"895a9c6\" data-element_type=\"widget\" data-widget_type=\"image.default\">\n\t\t\t\t<div class=\"elementor-widget-container\">\n\t\t\t\t\t\t\t\t\t\t\t\t\t\t\t\t<a href=\"https:\/\/hospederiasdearagon.com\/wp-content\/uploads\/2024\/08\/RUTA-7-S-Cruz-La-Seros-019.webp\" data-elementor-open-lightbox=\"yes\" data-elementor-lightbox-title=\"RUTA 7 - S Cruz La Seros -019\" data-e-action-hash=\"#elementor-action%3Aaction%3Dlightbox%26settings%3DeyJpZCI6NjE0NywidXJsIjoiaHR0cHM6XC9cL2hvc3BlZGVyaWFzZGVhcmFnb24uY29tXC93cC1jb250ZW50XC91cGxvYWRzXC8yMDI0XC8wOFwvUlVUQS03LVMtQ3J1ei1MYS1TZXJvcy0wMTkud2VicCJ9\">\n\t\t\t\t\t\t\t<img decoding=\"async\" src=\"https:\/\/hospederiasdearagon.com\/wp-content\/uploads\/2024\/08\/RUTA-7-S-Cruz-La-Seros-019.webp\" title=\"RUTA 7 &#8211; S Cruz La Seros -019\" alt=\"RUTA 7 - S Cruz La Seros -019\" loading=\"lazy\" \/>\t\t\t\t\t\t\t\t<\/a>\n\t\t\t\t\t\t\t\t\t\t\t\t\t\t\t<\/div>\n\t\t\t\t<\/div>\n\t\t\t\t\t<\/div>\n\t\t<\/div>\n\t\t\t\t\t<\/div>\n\t\t<\/section>\n\t\t\t\t<\/div>\n\t\t<\/p>\n\t\t\t\t\t\t<\/div>\n\t\t\t\t\t<\/div>\n\t\t\t\t\t\t\t\t\t<div class=\"pp-tabs-panel\">\n\t\t\t\t\t\t<div class=\"pp-advanced-tabs-title pp-tabs-label pp-tab-responsive   at-no-hover\" data-index=\"4653\">\n\t\t\t\t\t\t\t<div class=\"pp-advanced-tabs-title-inner\">\n\t\t\t\t\t\t\t\t\t\t\t<span class=\"pp-icon pp-advanced-tabs-icon-bottom\">\n\t\t\t\t<i aria-hidden=\"true\" class=\"fas fa-caret-down\"><\/i>\t\t\t<\/span>\n\t\t\t\n\t\t\t\t\t\t\t\t<span class=\"pp-advanced-tabs-title-text\">Contact<\/span>\n\t\t\t\t\t\t\t\t<i class=\"pp-toggle-icon pp-tab-open fa\"><\/i>\n\t\t\t\t\t\t\t<\/div>\n\t\t\t\t\t\t<\/div>\n\t\t\t\t\t\t<div id=\"pp-advanced-tabs-content-4653\" class=\"pp-advanced-tabs-content elementor-clearfix pp-advanced-tabs-tab_content \" data-tab=\"3\" data-index=\"4653\" role=\"tabpanel\" aria-labelledby=\"pp-advanced-tabs-title-4653\">\n\t\t\t\t\t\t\t<p>\t\t<div data-elementor-type=\"page\" data-elementor-id=\"6217\" class=\"elementor elementor-6217 elementor-6169\" data-elementor-post-type=\"elementor_library\">\n\t\t\t\t\t\t<section class=\"elementor-section elementor-top-section elementor-element elementor-element-62ccf18 elementor-section-boxed elementor-section-height-default elementor-section-height-default\" data-id=\"62ccf18\" data-element_type=\"section\">\n\t\t\t\t\t\t<div class=\"elementor-container elementor-column-gap-default\">\n\t\t\t\t\t<div class=\"elementor-column elementor-col-100 elementor-top-column elementor-element elementor-element-b5c4c03\" data-id=\"b5c4c03\" data-element_type=\"column\">\n\t\t\t<div class=\"elementor-widget-wrap elementor-element-populated\">\n\t\t\t\t\t\t<div class=\"elementor-element elementor-element-0edb39b elementor-widget elementor-widget-heading\" data-id=\"0edb39b\" data-element_type=\"widget\" data-widget_type=\"heading.default\">\n\t\t\t\t<div class=\"elementor-widget-container\">\n\t\t\t\t\t<h3 class=\"elementor-heading-title elementor-size-default\">Contact<\/h3>\t\t\t\t<\/div>\n\t\t\t\t<\/div>\n\t\t\t\t\t<\/div>\n\t\t<\/div>\n\t\t\t\t\t<\/div>\n\t\t<\/section>\n\t\t\t\t<section class=\"elementor-section elementor-top-section elementor-element elementor-element-6529f0d elementor-section-content-middle elementor-section-boxed elementor-section-height-default elementor-section-height-default\" data-id=\"6529f0d\" data-element_type=\"section\">\n\t\t\t\t\t\t<div class=\"elementor-container elementor-column-gap-default\">\n\t\t\t\t\t<div class=\"elementor-column elementor-col-50 elementor-top-column elementor-element elementor-element-620d760\" data-id=\"620d760\" data-element_type=\"column\" data-settings=\"{&quot;background_background&quot;:&quot;classic&quot;}\">\n\t\t\t<div class=\"elementor-widget-wrap elementor-element-populated\">\n\t\t\t\t\t\t<div class=\"elementor-element elementor-element-8f0a451 elementor-view-default elementor-widget elementor-widget-icon\" data-id=\"8f0a451\" data-element_type=\"widget\" data-widget_type=\"icon.default\">\n\t\t\t\t<div class=\"elementor-widget-container\">\n\t\t\t\t\t\t\t<div class=\"elementor-icon-wrapper\">\n\t\t\t<div class=\"elementor-icon\">\n\t\t\t\t\t\t\t<i class=\"fa fa-info-circle\" aria-hidden=\"true\"><\/i>\n\t\t\t\t\t\t<\/div>\n\t\t<\/div>\n\t\t\t\t\t\t<\/div>\n\t\t\t\t<\/div>\n\t\t\t\t<div class=\"elementor-element elementor-element-1d287be elementor-mobile-align-start elementor-icon-list--layout-traditional elementor-list-item-link-full_width elementor-widget elementor-widget-icon-list\" data-id=\"1d287be\" data-element_type=\"widget\" data-widget_type=\"icon-list.default\">\n\t\t\t\t<div class=\"elementor-widget-container\">\n\t\t\t\t\t\t\t<ul class=\"elementor-icon-list-items\">\n\t\t\t\t\t\t\t<li class=\"elementor-icon-list-item\">\n\t\t\t\t\t\t\t\t\t\t\t<span class=\"elementor-icon-list-icon\">\n\t\t\t\t\t\t\t<i aria-hidden=\"true\" class=\"fas fa-location-arrow\"><\/i>\t\t\t\t\t\t<\/span>\n\t\t\t\t\t\t\t\t\t\t<span class=\"elementor-icon-list-text\">Carretera A-1603, s\/n, 22711  Huesca<\/span>\n\t\t\t\t\t\t\t\t\t<\/li>\n\t\t\t\t\t\t\t\t<li class=\"elementor-icon-list-item\">\n\t\t\t\t\t\t\t\t\t\t\t<a href=\"tel:%20+34974949160\" target=\"_blank\">\n\n\t\t\t\t\t\t\t\t\t\t\t\t<span class=\"elementor-icon-list-icon\">\n\t\t\t\t\t\t\t<i aria-hidden=\"true\" class=\"fas fa-phone\"><\/i>\t\t\t\t\t\t<\/span>\n\t\t\t\t\t\t\t\t\t\t<span class=\"elementor-icon-list-text\">974 94 91 60 (Hotel)<\/span>\n\t\t\t\t\t\t\t\t\t\t\t<\/a>\n\t\t\t\t\t\t\t\t\t<\/li>\n\t\t\t\t\t\t\t\t<li class=\"elementor-icon-list-item\">\n\t\t\t\t\t\t\t\t\t\t\t<a href=\"tel:%20+34633730492\" target=\"_blank\">\n\n\t\t\t\t\t\t\t\t\t\t\t\t<span class=\"elementor-icon-list-icon\">\n\t\t\t\t\t\t\t<i aria-hidden=\"true\" class=\"fas fa-phone\"><\/i>\t\t\t\t\t\t<\/span>\n\t\t\t\t\t\t\t\t\t\t<span class=\"elementor-icon-list-text\">633 730 492 (Restaurante)<\/span>\n\t\t\t\t\t\t\t\t\t\t\t<\/a>\n\t\t\t\t\t\t\t\t\t<\/li>\n\t\t\t\t\t\t\t\t<li class=\"elementor-icon-list-item\">\n\t\t\t\t\t\t\t\t\t\t\t<a href=\"mailto:%20hospederia@monasteriosanjuan.com\" target=\"_blank\">\n\n\t\t\t\t\t\t\t\t\t\t\t\t<span class=\"elementor-icon-list-icon\">\n\t\t\t\t\t\t\t<i aria-hidden=\"true\" class=\"fas fa-envelope\"><\/i>\t\t\t\t\t\t<\/span>\n\t\t\t\t\t\t\t\t\t\t<span class=\"elementor-icon-list-text\">hospederia@monasteriosanjuan.com<\/span>\n\t\t\t\t\t\t\t\t\t\t\t<\/a>\n\t\t\t\t\t\t\t\t\t<\/li>\n\t\t\t\t\t\t<\/ul>\n\t\t\t\t\t\t<\/div>\n\t\t\t\t<\/div>\n\t\t\t\t\t<\/div>\n\t\t<\/div>\n\t\t\t\t<div class=\"elementor-column elementor-col-50 elementor-top-column elementor-element elementor-element-1de0bf1\" data-id=\"1de0bf1\" data-element_type=\"column\">\n\t\t\t<div class=\"elementor-widget-wrap elementor-element-populated\">\n\t\t\t\t\t\t<div class=\"elementor-element elementor-element-76be42e elementor-view-default elementor-widget elementor-widget-icon\" data-id=\"76be42e\" data-element_type=\"widget\" data-widget_type=\"icon.default\">\n\t\t\t\t<div class=\"elementor-widget-container\">\n\t\t\t\t\t\t\t<div class=\"elementor-icon-wrapper\">\n\t\t\t<div class=\"elementor-icon\">\n\t\t\t<i aria-hidden=\"true\" class=\"far fa-envelope\"><\/i>\t\t\t<\/div>\n\t\t<\/div>\n\t\t\t\t\t\t<\/div>\n\t\t\t\t<\/div>\n\t\t\t\t<div class=\"elementor-element elementor-element-15c99ef elementor-align-center elementor-tablet-align-justify elementor-widget elementor-widget-button\" data-id=\"15c99ef\" data-element_type=\"widget\" data-widget_type=\"button.default\">\n\t\t\t\t<div class=\"elementor-widget-container\">\n\t\t\t\t\t\t\t\t\t<div class=\"elementor-button-wrapper\">\n\t\t\t\t\t<a class=\"elementor-button elementor-button-link elementor-size-sm elementor-animation-shrink\" href=\"https:\/\/www.monasteriosanjuan.com\/hospederia-san-juan-de-la-pena\/\" target=\"_blank\">\n\t\t\t\t\t\t<span class=\"elementor-button-content-wrapper\">\n\t\t\t\t\t\t\t\t\t<span class=\"elementor-button-text\">CONTACT HOSPEDER\u00cdA<\/span>\n\t\t\t\t\t<\/span>\n\t\t\t\t\t<\/a>\n\t\t\t\t<\/div>\n\t\t\t\t\t\t\t\t<\/div>\n\t\t\t\t<\/div>\n\t\t\t\t\t<\/div>\n\t\t<\/div>\n\t\t\t\t\t<\/div>\n\t\t<\/section>\n\t\t\t\t<section class=\"elementor-section elementor-top-section elementor-element elementor-element-f132076 elementor-section-boxed elementor-section-height-default elementor-section-height-default\" data-id=\"f132076\" data-element_type=\"section\">\n\t\t\t\t\t\t<div class=\"elementor-container elementor-column-gap-default\">\n\t\t\t\t\t<div class=\"elementor-column elementor-col-100 elementor-top-column elementor-element elementor-element-6b05c82\" data-id=\"6b05c82\" data-element_type=\"column\">\n\t\t\t<div class=\"elementor-widget-wrap elementor-element-populated\">\n\t\t\t\t\t\t<div class=\"elementor-element elementor-element-27581d7 elementor-widget elementor-widget-heading\" data-id=\"27581d7\" data-element_type=\"widget\" data-widget_type=\"heading.default\">\n\t\t\t\t<div class=\"elementor-widget-container\">\n\t\t\t\t\t<h3 class=\"elementor-heading-title elementor-size-default\">Carte<\/h3>\t\t\t\t<\/div>\n\t\t\t\t<\/div>\n\t\t\t\t<div class=\"elementor-element elementor-element-288234c elementor-widget elementor-widget-google_maps\" data-id=\"288234c\" data-element_type=\"widget\" data-widget_type=\"google_maps.default\">\n\t\t\t\t<div class=\"elementor-widget-container\">\n\t\t\t\t\t\t\t<div class=\"elementor-custom-embed\">\n\t\t\t<iframe loading=\"lazy\"\n\t\t\t\t\tsrc=\"https:\/\/maps.google.com\/maps?q=Hospeder%C3%ADa%20de%20San%20Juan%20de%20la%20Pe%C3%B1a%2C%2022711%20Santa%20Cruz%20de%20la%20Ser%C3%B3s%2C%20Huesca&#038;t=m&#038;z=15&#038;output=embed&#038;iwloc=near\"\n\t\t\t\t\ttitle=\"Hospeder\u00eda de San Juan de la Pe\u00f1a, 22711 Santa Cruz de la Ser\u00f3s, Huesca\"\n\t\t\t\t\taria-label=\"Hospeder\u00eda de San Juan de la Pe\u00f1a, 22711 Santa Cruz de la Ser\u00f3s, Huesca\"\n\t\t\t><\/iframe>\n\t\t<\/div>\n\t\t\t\t\t\t<\/div>\n\t\t\t\t<\/div>\n\t\t\t\t\t<\/div>\n\t\t<\/div>\n\t\t\t\t\t<\/div>\n\t\t<\/section>\n\t\t\t\t<\/div>\n\t\t<\/p>\n\t\t\t\t\t\t<\/div>\n\t\t\t\t\t<\/div>\n\t\t\t\t\t\t\t<\/div>\n\t\t<\/div>\n\t\t\t\t\t\t<\/div>\n\t\t\t\t<\/div>\n\t\t\t\t\t<\/div>\n\t\t<\/div>\n\t\t\t\t\t<\/div>\n\t\t<\/section>\n\t\t\t\t<\/div>\n\t\t","protected":false},"excerpt":{"rendered":"<p>L&rsquo;hospeder\u00eda L&rsquo;ENVIRONNEMENT Contact L&rsquo;hospeder\u00eda Ubicada en un paraje natural de excepcional belleza, se alza en el ala sur de las antiguas dependencias del Monasterio Nuevo de San Juan de la Pe\u00f1a, en la pradera de San Indalecio. Con la notable influencia del pr\u00f3ximo Monasterio Viejo de San Juan de la Pe\u00f1a, una de las joyas &#8230; <a title=\"H\u00f4tellerie Monast\u00e8re de San Juan de da Pe\u00f1a\" class=\"read-more\" href=\"https:\/\/hospederiasdearagon.com\/fr\/hotellerie-monastere-de-san-juan-de-da-pena\/\" aria-label=\"En savoir plus sur H\u00f4tellerie Monast\u00e8re de San Juan de da Pe\u00f1a\">Read more<\/a><\/p>\n","protected":false},"author":2,"featured_media":0,"parent":0,"menu_order":0,"comment_status":"closed","ping_status":"closed","template":"elementor_header_footer","meta":{"footnotes":""},"class_list":["post-6205","page","type-page","status-publish"],"yoast_head":"<!-- This site is optimized with the Yoast SEO plugin v26.6 - https:\/\/yoast.com\/wordpress\/plugins\/seo\/ -->\n<title>H\u00f4tellerie Monast\u00e8re de San Juan de da Pe\u00f1a - Hospeder\u00edas de Arag\u00f3n<\/title>\n<meta name=\"description\" content=\"Bienvenidos a la Hospeder\u00eda San Juan de la Pe\u00f1a****. Se alza en el ala sur de las antiguas dependencias del Monasterio Nuevo\" \/>\n<meta name=\"robots\" content=\"index, follow, max-snippet:-1, max-image-preview:large, max-video-preview:-1\" \/>\n<link rel=\"canonical\" href=\"https:\/\/hospederiasdearagon.com\/san-juan-de-la-pena\/\" \/>\n<meta property=\"og:locale\" content=\"fr_FR\" \/>\n<meta property=\"og:type\" content=\"article\" \/>\n<meta property=\"og:title\" content=\"H\u00f4tellerie Monast\u00e8re de San Juan de da Pe\u00f1a - Hospeder\u00edas de Arag\u00f3n\" \/>\n<meta property=\"og:description\" content=\"Bienvenidos a la Hospeder\u00eda San Juan de la Pe\u00f1a****. Se alza en el ala sur de las antiguas dependencias del Monasterio Nuevo\" \/>\n<meta property=\"og:url\" content=\"https:\/\/hospederiasdearagon.com\/san-juan-de-la-pena\/\" \/>\n<meta property=\"og:site_name\" content=\"Hospeder\u00edas de Arag\u00f3n\" \/>\n<meta property=\"article:modified_time\" content=\"2025-12-02T18:32:30+00:00\" \/>\n<meta property=\"og:image\" content=\"https:\/\/hospederiasdearagon.com\/wp-content\/uploads\/2018\/04\/05_HospederiaSanJuanDeLaPena-DobleSuperior.jpeg\" \/>\n\t<meta property=\"og:image:width\" content=\"1800\" \/>\n\t<meta property=\"og:image:height\" content=\"1200\" \/>\n\t<meta property=\"og:image:type\" content=\"image\/jpeg\" \/>\n<meta name=\"twitter:card\" content=\"summary_large_image\" \/>\n<meta name=\"twitter:label1\" content=\"Dur\u00e9e de lecture estim\u00e9e\" \/>\n\t<meta name=\"twitter:data1\" content=\"4 minutes\" \/>\n<script type=\"application\/ld+json\" class=\"yoast-schema-graph\">{\"@context\":\"https:\/\/schema.org\",\"@graph\":[{\"@type\":\"WebPage\",\"@id\":\"https:\/\/hospederiasdearagon.com\/san-juan-de-la-pena\/\",\"url\":\"https:\/\/hospederiasdearagon.com\/san-juan-de-la-pena\/\",\"name\":\"H\u00f4tellerie Monast\u00e8re de San Juan de da Pe\u00f1a - Hospeder\u00edas de Arag\u00f3n\",\"isPartOf\":{\"@id\":\"https:\/\/hospederiasdearagon.com\/#website\"},\"primaryImageOfPage\":{\"@id\":\"https:\/\/hospederiasdearagon.com\/san-juan-de-la-pena\/#primaryimage\"},\"image\":{\"@id\":\"https:\/\/hospederiasdearagon.com\/san-juan-de-la-pena\/#primaryimage\"},\"thumbnailUrl\":\"https:\/\/hospederiasdearagon.com\/wp-content\/uploads\/2018\/04\/05_HospederiaSanJuanDeLaPena-DobleSuperior-1024x683.jpeg\",\"datePublished\":\"2024-08-29T16:13:16+00:00\",\"dateModified\":\"2025-12-02T18:32:30+00:00\",\"description\":\"Bienvenidos a la Hospeder\u00eda San Juan de la Pe\u00f1a****. Se alza en el ala sur de las antiguas dependencias del Monasterio Nuevo\",\"breadcrumb\":{\"@id\":\"https:\/\/hospederiasdearagon.com\/san-juan-de-la-pena\/#breadcrumb\"},\"inLanguage\":\"fr-FR\",\"potentialAction\":[{\"@type\":\"ReadAction\",\"target\":[\"https:\/\/hospederiasdearagon.com\/san-juan-de-la-pena\/\"]}]},{\"@type\":\"ImageObject\",\"inLanguage\":\"fr-FR\",\"@id\":\"https:\/\/hospederiasdearagon.com\/san-juan-de-la-pena\/#primaryimage\",\"url\":\"https:\/\/hospederiasdearagon.com\/wp-content\/uploads\/2018\/04\/05_HospederiaSanJuanDeLaPena-DobleSuperior-1024x683.jpeg\",\"contentUrl\":\"https:\/\/hospederiasdearagon.com\/wp-content\/uploads\/2018\/04\/05_HospederiaSanJuanDeLaPena-DobleSuperior-1024x683.jpeg\"},{\"@type\":\"BreadcrumbList\",\"@id\":\"https:\/\/hospederiasdearagon.com\/san-juan-de-la-pena\/#breadcrumb\",\"itemListElement\":[{\"@type\":\"ListItem\",\"position\":1,\"name\":\"Portada\",\"item\":\"https:\/\/hospederiasdearagon.com\/\"},{\"@type\":\"ListItem\",\"position\":2,\"name\":\"H\u00f4tellerie Monast\u00e8re de San Juan de da Pe\u00f1a\"}]},{\"@type\":\"WebSite\",\"@id\":\"https:\/\/hospederiasdearagon.com\/#website\",\"url\":\"https:\/\/hospederiasdearagon.com\/\",\"name\":\"Hospeder\u00edas de Arag\u00f3n\",\"description\":\"Turismo de Arag\u00f3n\",\"publisher\":{\"@id\":\"https:\/\/hospederiasdearagon.com\/#organization\"},\"potentialAction\":[{\"@type\":\"SearchAction\",\"target\":{\"@type\":\"EntryPoint\",\"urlTemplate\":\"https:\/\/hospederiasdearagon.com\/?s={search_term_string}\"},\"query-input\":{\"@type\":\"PropertyValueSpecification\",\"valueRequired\":true,\"valueName\":\"search_term_string\"}}],\"inLanguage\":\"fr-FR\"},{\"@type\":\"Organization\",\"@id\":\"https:\/\/hospederiasdearagon.com\/#organization\",\"name\":\"Hospeder\u00edas de Arag\u00f3n - Turismo de Arag\u00f3n\",\"url\":\"https:\/\/hospederiasdearagon.com\/\",\"logo\":{\"@type\":\"ImageObject\",\"inLanguage\":\"fr-FR\",\"@id\":\"https:\/\/hospederiasdearagon.com\/#\/schema\/logo\/image\/\",\"url\":\"https:\/\/hospederiasdearagon.com\/wp-content\/uploads\/2019\/11\/logo-h-hospederias-de-aragon.png\",\"contentUrl\":\"https:\/\/hospederiasdearagon.com\/wp-content\/uploads\/2019\/11\/logo-h-hospederias-de-aragon.png\",\"width\":1952,\"height\":472,\"caption\":\"Hospeder\u00edas de Arag\u00f3n - Turismo de Arag\u00f3n\"},\"image\":{\"@id\":\"https:\/\/hospederiasdearagon.com\/#\/schema\/logo\/image\/\"}}]}<\/script>\n<!-- \/ Yoast SEO plugin. -->","yoast_head_json":{"title":"H\u00f4tellerie Monast\u00e8re de San Juan de da Pe\u00f1a - Hospeder\u00edas de Arag\u00f3n","description":"Bienvenidos a la Hospeder\u00eda San Juan de la Pe\u00f1a****. Se alza en el ala sur de las antiguas dependencias del Monasterio Nuevo","robots":{"index":"index","follow":"follow","max-snippet":"max-snippet:-1","max-image-preview":"max-image-preview:large","max-video-preview":"max-video-preview:-1"},"canonical":"https:\/\/hospederiasdearagon.com\/san-juan-de-la-pena\/","og_locale":"fr_FR","og_type":"article","og_title":"H\u00f4tellerie Monast\u00e8re de San Juan de da Pe\u00f1a - Hospeder\u00edas de Arag\u00f3n","og_description":"Bienvenidos a la Hospeder\u00eda San Juan de la Pe\u00f1a****. Se alza en el ala sur de las antiguas dependencias del Monasterio Nuevo","og_url":"https:\/\/hospederiasdearagon.com\/san-juan-de-la-pena\/","og_site_name":"Hospeder\u00edas de Arag\u00f3n","article_modified_time":"2025-12-02T18:32:30+00:00","og_image":[{"width":1800,"height":1200,"url":"https:\/\/hospederiasdearagon.com\/wp-content\/uploads\/2018\/04\/05_HospederiaSanJuanDeLaPena-DobleSuperior.jpeg","type":"image\/jpeg"}],"twitter_card":"summary_large_image","twitter_misc":{"Dur\u00e9e de lecture estim\u00e9e":"4 minutes"},"schema":{"@context":"https:\/\/schema.org","@graph":[{"@type":"WebPage","@id":"https:\/\/hospederiasdearagon.com\/san-juan-de-la-pena\/","url":"https:\/\/hospederiasdearagon.com\/san-juan-de-la-pena\/","name":"H\u00f4tellerie Monast\u00e8re de San Juan de da Pe\u00f1a - Hospeder\u00edas de Arag\u00f3n","isPartOf":{"@id":"https:\/\/hospederiasdearagon.com\/#website"},"primaryImageOfPage":{"@id":"https:\/\/hospederiasdearagon.com\/san-juan-de-la-pena\/#primaryimage"},"image":{"@id":"https:\/\/hospederiasdearagon.com\/san-juan-de-la-pena\/#primaryimage"},"thumbnailUrl":"https:\/\/hospederiasdearagon.com\/wp-content\/uploads\/2018\/04\/05_HospederiaSanJuanDeLaPena-DobleSuperior-1024x683.jpeg","datePublished":"2024-08-29T16:13:16+00:00","dateModified":"2025-12-02T18:32:30+00:00","description":"Bienvenidos a la Hospeder\u00eda San Juan de la Pe\u00f1a****. Se alza en el ala sur de las antiguas dependencias del Monasterio Nuevo","breadcrumb":{"@id":"https:\/\/hospederiasdearagon.com\/san-juan-de-la-pena\/#breadcrumb"},"inLanguage":"fr-FR","potentialAction":[{"@type":"ReadAction","target":["https:\/\/hospederiasdearagon.com\/san-juan-de-la-pena\/"]}]},{"@type":"ImageObject","inLanguage":"fr-FR","@id":"https:\/\/hospederiasdearagon.com\/san-juan-de-la-pena\/#primaryimage","url":"https:\/\/hospederiasdearagon.com\/wp-content\/uploads\/2018\/04\/05_HospederiaSanJuanDeLaPena-DobleSuperior-1024x683.jpeg","contentUrl":"https:\/\/hospederiasdearagon.com\/wp-content\/uploads\/2018\/04\/05_HospederiaSanJuanDeLaPena-DobleSuperior-1024x683.jpeg"},{"@type":"BreadcrumbList","@id":"https:\/\/hospederiasdearagon.com\/san-juan-de-la-pena\/#breadcrumb","itemListElement":[{"@type":"ListItem","position":1,"name":"Portada","item":"https:\/\/hospederiasdearagon.com\/"},{"@type":"ListItem","position":2,"name":"H\u00f4tellerie Monast\u00e8re de San Juan de da Pe\u00f1a"}]},{"@type":"WebSite","@id":"https:\/\/hospederiasdearagon.com\/#website","url":"https:\/\/hospederiasdearagon.com\/","name":"Hospeder\u00edas de Arag\u00f3n","description":"Turismo de Arag\u00f3n","publisher":{"@id":"https:\/\/hospederiasdearagon.com\/#organization"},"potentialAction":[{"@type":"SearchAction","target":{"@type":"EntryPoint","urlTemplate":"https:\/\/hospederiasdearagon.com\/?s={search_term_string}"},"query-input":{"@type":"PropertyValueSpecification","valueRequired":true,"valueName":"search_term_string"}}],"inLanguage":"fr-FR"},{"@type":"Organization","@id":"https:\/\/hospederiasdearagon.com\/#organization","name":"Hospeder\u00edas de Arag\u00f3n - Turismo de Arag\u00f3n","url":"https:\/\/hospederiasdearagon.com\/","logo":{"@type":"ImageObject","inLanguage":"fr-FR","@id":"https:\/\/hospederiasdearagon.com\/#\/schema\/logo\/image\/","url":"https:\/\/hospederiasdearagon.com\/wp-content\/uploads\/2019\/11\/logo-h-hospederias-de-aragon.png","contentUrl":"https:\/\/hospederiasdearagon.com\/wp-content\/uploads\/2019\/11\/logo-h-hospederias-de-aragon.png","width":1952,"height":472,"caption":"Hospeder\u00edas de Arag\u00f3n - Turismo de Arag\u00f3n"},"image":{"@id":"https:\/\/hospederiasdearagon.com\/#\/schema\/logo\/image\/"}}]}},"_links":{"self":[{"href":"https:\/\/hospederiasdearagon.com\/fr\/wp-json\/wp\/v2\/pages\/6205","targetHints":{"allow":["GET"]}}],"collection":[{"href":"https:\/\/hospederiasdearagon.com\/fr\/wp-json\/wp\/v2\/pages"}],"about":[{"href":"https:\/\/hospederiasdearagon.com\/fr\/wp-json\/wp\/v2\/types\/page"}],"author":[{"embeddable":true,"href":"https:\/\/hospederiasdearagon.com\/fr\/wp-json\/wp\/v2\/users\/2"}],"replies":[{"embeddable":true,"href":"https:\/\/hospederiasdearagon.com\/fr\/wp-json\/wp\/v2\/comments?post=6205"}],"version-history":[{"count":5,"href":"https:\/\/hospederiasdearagon.com\/fr\/wp-json\/wp\/v2\/pages\/6205\/revisions"}],"predecessor-version":[{"id":6774,"href":"https:\/\/hospederiasdearagon.com\/fr\/wp-json\/wp\/v2\/pages\/6205\/revisions\/6774"}],"wp:attachment":[{"href":"https:\/\/hospederiasdearagon.com\/fr\/wp-json\/wp\/v2\/media?parent=6205"}],"curies":[{"name":"wp","href":"https:\/\/api.w.org\/{rel}","templated":true}]}}